{"id":6994,"date":"2022-02-07T15:21:07","date_gmt":"2022-02-07T15:21:07","guid":{"rendered":"https:\/\/www.eldo.com\/guide\/?page_id=6994"},"modified":"2023-11-20T10:50:41","modified_gmt":"2023-11-20T10:50:41","slug":"veranda-prix","status":"publish","type":"page","link":"https:\/\/www.eldo.com\/guide\/veranda\/prix","title":{"rendered":"Prix d&rsquo;une v\u00e9randa"},"content":{"rendered":"<section class=\"l-section wpb_row us_custom_e4eb24e1 height_auto width_full with_overlay\"><div class=\"l-section-overlay\" style=\"background: #ffffff\"><\/div><div class=\"l-section-h i-cf\"><div class=\"g-cols vc_row type_boxes valign_middle gap-10px\"><style>.g-cols.gap-10px{margin:0 -10px}.gap-10px > .vc_column_container {padding:10px}<\/style><div class=\"vc_col-sm-12 wpb_column vc_column_container has-fill has_text_color\"><div class=\"vc_column-inner us_custom_e6b42667\"><div class=\"wpb_wrapper\"><div class=\"wpb_text_column us_custom_cef92e06 has_text_color\" ><div class=\"wpb_wrapper\"><h1 style=\"text-align: center;\"><span style=\"font-weight: 400;\">Guide des prix v\u00e9randa<\/span><\/h1>\n<\/div><\/div><div class=\"w-separator size_medium\"><\/div><ol class=\"g-breadcrumbs us_custom_cef92e06 separator_icon align_left has_text_color\"><li class=\"g-breadcrumbs-item\"><a href=\"https:\/\/www.eldo.com\/guide\/\">Guides travaux<\/a><meta content=\"1\"\/><\/li><li class=\"g-breadcrumbs-separator\"><i class=\"far fa-angle-right\"><\/i><\/li><li class=\"g-breadcrumbs-item\">Pages<\/li><\/ol><\/div><\/div><\/div><div class=\"vc_col-sm-12 wpb_column vc_column_container\"><div class=\"vc_column-inner\"><div class=\"wpb_wrapper\"><div class=\"wpb_text_column us_custom_ae99f6aa has_text_color\" ><div class=\"wpb_wrapper\">\n<\/div><\/div><div class=\"wpb_text_column us_custom_ae99f6aa has_text_color\" ><div class=\"wpb_wrapper\"><p><span style=\"font-weight: 400;\">Am\u00e9nagement d\u2019ext\u00e9rieur, la v\u00e9randa est consid\u00e9r\u00e9e comme une pi\u00e8ce suppl\u00e9mentaire attenante \u00e0 un mur de la maison et compos\u00e9e de vitrage sur la fa\u00e7ade et la toiture. De m\u00eame, murs et murets sont compl\u00e9t\u00e9s de vitrage. Son usage est fonction de ses caract\u00e9ristiques techniques, ses mat\u00e9riaux et ses performances.<\/span><\/p>\n<p><span style=\"font-weight: 400;\">Pour installer une v\u00e9randa, le budget peut s\u2019av\u00e9rer tr\u00e8s modulable compte tenu des choix du vitrage, des dimensions, du mat\u00e9riau de la v\u00e9randa et du prix de son d\u2019installation. Toutefois, les nombreux avantages qu\u2019apporte l\u2019installation d\u2019une v\u00e9randa sont autant de raisons justifiant cet investissement financier.<\/span><\/p>\n<p><span style=\"font-weight: 400;\">En effet, la v\u00e9randa peut \u00eatre utilis\u00e9e tout le long de l\u2019ann\u00e9e, quelle que soit la saison, \u00e0 la diff\u00e9rence d\u2019un patio par exemple. Vous pourrez donc, en toute saison, recevoir des convives pour un brunch, admirer la nature ou tout simplement vous pr\u00e9lasser sous le soleil.<\/span><\/p>\n<p><span style=\"font-weight: 400;\">Guide complet des prix pour l\u2019installation d\u2019une v\u00e9randa.<\/span><\/p>\n<\/div><\/div><div class=\"w-separator size_medium\"><\/div><div class=\"w-image align_center\"><div class=\"w-image-h\"><img width=\"512\" height=\"278\" src=\"https:\/\/www.eldo.com\/guide\/wp-content\/uploads\/2022\/02\/istockphoto-146862264-612x612-1.jpg\" class=\"attachment-large size-large\" alt=\"\" srcset=\"https:\/\/www.eldo.com\/guide\/wp-content\/uploads\/2022\/02\/istockphoto-146862264-612x612-1.jpg 512w, https:\/\/www.eldo.com\/guide\/wp-content\/uploads\/2022\/02\/istockphoto-146862264-612x612-1-300x163.jpg 300w, https:\/\/www.eldo.com\/guide\/wp-content\/uploads\/2022\/02\/istockphoto-146862264-612x612-1-600x325.jpg 600w\" sizes=\"(max-width: 512px) 100vw, 512px\" \/><\/div><\/div><\/div><\/div><\/div><\/div><\/div><\/section><section class=\"l-section wpb_row height_auto width_full with_overlay\"><div class=\"l-section-overlay\" style=\"background: #ffffff\"><\/div><div class=\"l-section-h i-cf\"><div class=\"g-cols vc_row type_boxes valign_middle gap-10px\"><style>.g-cols.gap-10px{margin:0 -10px}.gap-10px > .vc_column_container {padding:10px}<\/style><div class=\"vc_col-sm-12 wpb_column vc_column_container has-fill\"><div class=\"vc_column-inner us_custom_4fb9e5a3\"><div class=\"wpb_wrapper\"><div \" class=\"faq_question_container\"><h2 class=\"faq_question_title\">Quel est le prix d\u2019une v\u00e9randa, selon les mat\u00e9riaux ?<\/h2><div class=\"faq_question_content\"><p><span style=\"font-weight: 400;\">Pour l\u2019installation de votre v\u00e9randa, un grand nombre de mat\u00e9riaux s\u2019offrent \u00e0 vous. G\u00e9n\u00e9ralement, vous pourrez opter pour l\u2019aluminium, le fer forg\u00e9, le bois ou encore le PVC.<\/span><\/p>\n<h3>V\u00e9randa en bois<\/h3>\n<p><span style=\"font-weight: 400;\">Mat\u00e9riau naturel et \u00e9cologique, le bois apporte de la noblesse \u00e0 tous les styles architecturaux. Bien que pr\u00e9sentant une parfaite isolation, la v\u00e9randa en bois demande un entretien r\u00e9gulier avant de mieux r\u00e9sister \u00e0 l\u2019humidit\u00e9.<\/span><\/p>\n<p><span style=\"font-weight: 400;\"><img class=\"size-medium wp-image-6996 alignleft\" src=\"https:\/\/www.eldo.com\/guide\/wp-content\/uploads\/2022\/02\/veranda-bois-300x200.jpg\" alt=\"\" width=\"300\" height=\"200\" srcset=\"https:\/\/www.eldo.com\/guide\/wp-content\/uploads\/2022\/02\/veranda-bois-300x200.jpg 300w, https:\/\/www.eldo.com\/guide\/wp-content\/uploads\/2022\/02\/veranda-bois.jpg 512w\" sizes=\"(max-width: 300px) 100vw, 300px\" \/>Au sujet de l\u2019essence du bois, le pin est le moins cher du march\u00e9, mais dans la famille des r\u00e9sineux, le sapin offre le plus de solidit\u00e9. Le ch\u00eane, quant \u00e0 lui, apporte de la robustesse \u00e0 votre v\u00e9randa, mais il est l\u00e9g\u00e8rement plus on\u00e9reux. Ces deux types de bois demandent un traitement autoclave assez r\u00e9gulier pour leur bonne long\u00e9vit\u00e9.\u00a0<\/span><\/p>\n<p><span style=\"font-weight: 400;\">Le prix moyen d\u2019une v\u00e9randa en bois varie entre 1<\/span><span style=\"font-weight: 400;\">\u2009<\/span><span style=\"font-weight: 400;\">300 et 2<\/span><span style=\"font-weight: 400;\">\u2009<\/span><span style=\"font-weight: 400;\">000\u00a0euros le m\u00e8tre carr\u00e9.\u00a0<\/span><\/p>\n<h3><\/h3>\n<h3>V\u00e9randa en aluminium<\/h3>\n<p><span style=\"font-weight: 400;\">La grande majorit\u00e9 des v\u00e9randas sont en aluminium, et pour cause, la v\u00e9randa alu ne demande pratiquement aucun entretien. Ainsi, pas de souci de traitement antirouille ni de produit anti-corrosion \u00e0 pr\u00e9voir.\u00a0<\/span><\/p>\n<p><span style=\"font-weight: 400;\"><img class=\"size-medium wp-image-6997 alignright\" src=\"https:\/\/www.eldo.com\/guide\/wp-content\/uploads\/2022\/02\/veranda-alu-300x200.jpg\" alt=\"\" width=\"300\" height=\"200\" srcset=\"https:\/\/www.eldo.com\/guide\/wp-content\/uploads\/2022\/02\/veranda-alu-300x200.jpg 300w, https:\/\/www.eldo.com\/guide\/wp-content\/uploads\/2022\/02\/veranda-alu.jpg 512w\" sizes=\"(max-width: 300px) 100vw, 300px\" \/>En effet, l\u2019aluminium thermolaqu\u00e9 r\u00e9siste parfaitement aux intemp\u00e9ries et conditions de la m\u00e9t\u00e9o, si bien que votre v\u00e9randa en aluminium ne vous demandera qu\u2019un nettoyage p\u00e9riodique. La v\u00e9randa aluminium se pr\u00e9sente donc comme une excellente solution pour les grandes surfaces.<\/span><\/p>\n<p><span style=\"font-weight: 400;\">Toutefois, l\u2019aluminium \u00e9tant un excellent conducteur, il n\u2019apportera pas \u00e0 lui seul une isolation thermique optimale dans votre v\u00e9randa. Vous devez alors pr\u00e9voir obligatoirement des rupteurs de pont thermique afin d\u2019am\u00e9liorer le confort.<\/span><\/p>\n<p><span style=\"font-weight: 400;\">Le prix des v\u00e9randas en aluminium oscille entre 1<\/span><span style=\"font-weight: 400;\">\u2009<\/span><span style=\"font-weight: 400;\">000 et 1<\/span><span style=\"font-weight: 400;\">\u2009<\/span><span style=\"font-weight: 400;\">500\u00a0euros\/m\u00b2<\/span><\/p>\n<h3>V\u00e9randa en PVC, son prix et ses caract\u00e9ristiques<\/h3>\n<p><span style=\"font-weight: 400;\">Le PVC est un mat\u00e9riau qui se nettoie facilement \u00e0 l\u2019eau savonneuse. Il ne conna\u00eet pas la corrosion et pr\u00e9sente une excellente isolation thermique. <img class=\"size-medium wp-image-6987 alignleft\" src=\"https:\/\/www.eldo.com\/guide\/wp-content\/uploads\/2022\/02\/veranda-xxl-avec-piscine_5157427-300x169.jpg\" alt=\"\" width=\"300\" height=\"169\" srcset=\"https:\/\/www.eldo.com\/guide\/wp-content\/uploads\/2022\/02\/veranda-xxl-avec-piscine_5157427-300x169.jpg 300w, https:\/\/www.eldo.com\/guide\/wp-content\/uploads\/2022\/02\/veranda-xxl-avec-piscine_5157427-600x338.jpg 600w, https:\/\/www.eldo.com\/guide\/wp-content\/uploads\/2022\/02\/veranda-xxl-avec-piscine_5157427.jpg 512w\" sizes=\"(max-width: 300px) 100vw, 300px\" \/>Toutefois, lorsqu\u2019il est endommag\u00e9, il n\u2019y a plus de possibilit\u00e9 de le redresser ou le r\u00e9parer, contrairement au bois ou \u00e0 l\u2019aluminium. Aussi, ce mat\u00e9riau est d\u2019une grande fragilit\u00e9 et ne convient donc pas aux grands formats. Enfin, veillez \u00e0 \u00e9viter les PVC d\u2019entr\u00e9e de gamme qui ont tendance \u00e0 se d\u00e9former et se ternir tr\u00e8s facilement.<\/span><\/p>\n<p><span style=\"font-weight: 400;\">Par cons\u00e9quent, la v\u00e9randa en PVC permet d\u2019obtenir un bon rapport qualit\u00e9-prix tant qu\u2019elle n\u2019est pas de grande dimension.\u00a0\u00a0<\/span><\/p>\n<p><span style=\"font-weight: 400;\">Le prix d\u2019une v\u00e9randa PVC est compris entre 500 et 1<\/span><span style=\"font-weight: 400;\">\u2009<\/span><span style=\"font-weight: 400;\">000\u00a0euros le m\u00b2.\u00a0<\/span><\/p>\n<h3>V\u00e9randa en fer forg\u00e9<\/h3>\n<p><span style=\"font-weight: 400;\">Apportant un style traditionnel et bourgeois ou moderne et industriel, la v\u00e9randa en fer forg\u00e9, outre son esth\u00e9tisme, pr\u00e9sente l\u2019avantage d\u2019\u00eatre particuli\u00e8rement r\u00e9sistante.<img class=\"size-medium wp-image-6988 alignright\" src=\"https:\/\/www.eldo.com\/guide\/wp-content\/uploads\/2022\/02\/verandaverancoterrassejpg_5d1cddefa90f7-300x200.jpg\" alt=\"\" width=\"300\" height=\"200\" srcset=\"https:\/\/www.eldo.com\/guide\/wp-content\/uploads\/2022\/02\/verandaverancoterrassejpg_5d1cddefa90f7-300x200.jpg 300w, https:\/\/www.eldo.com\/guide\/wp-content\/uploads\/2022\/02\/verandaverancoterrassejpg_5d1cddefa90f7-1024x682.jpg 1024w, https:\/\/www.eldo.com\/guide\/wp-content\/uploads\/2022\/02\/verandaverancoterrassejpg_5d1cddefa90f7-600x400.jpg 600w, https:\/\/www.eldo.com\/guide\/wp-content\/uploads\/2022\/02\/verandaverancoterrassejpg_5d1cddefa90f7-800x533.jpg 800w, https:\/\/www.eldo.com\/guide\/wp-content\/uploads\/2022\/02\/verandaverancoterrassejpg_5d1cddefa90f7.jpg 512w\" sizes=\"(max-width: 300px) 100vw, 300px\" \/> Ainsi, bien adapt\u00e9 aux tr\u00e8s grandes ouvertures, la v\u00e9randa inox est id\u00e9ale pour les surfaces d\u00e9passant les 30 m\u00b2.<\/span><\/p>\n<p><span style=\"font-weight: 400;\">En revanche, l\u2019acier, m\u00eame l\u2019acier inoxydable, est un tr\u00e8s faible isolant et demande un entretien r\u00e9gulier afin de lutter contre la rouille.<\/span><\/p>\n<p><span style=\"font-weight: 400;\">Le prix du m\u00e8tre carr\u00e9 d\u2019une v\u00e9randa en fer forg\u00e9 est compris entre 2<\/span><span style=\"font-weight: 400;\">\u2009<\/span><span style=\"font-weight: 400;\">500 et 3<\/span><span style=\"font-weight: 400;\">\u2009<\/span><span style=\"font-weight: 400;\">000\u00a0euros.<\/span><\/p>\n<\/div><\/div><div class=\"w-separator size_small\"><\/div><div class=\"w-btn-wrapper width_auto align_center\"><a class=\"w-btn us-btn-style_2\" title=\"Demander un devis\" href=\"https:\/\/devis.eldo.com\/veranda-new\/france?utm_source=gmb&amp;utm_medium=SEO&amp;utm_campaign=veranda-prix\"><span class=\"w-btn-label\">Expliquer mon projet<\/span><\/a><\/div><div class=\"w-separator size_medium\"><\/div><div \" class=\"faq_question_container\"><h2 class=\"faq_question_title\">Quel est le co\u00fbt d\u2019une v\u00e9randa selon le mode de fabrication ?<\/h2><div class=\"faq_question_content\"><p><span style=\"font-weight: 400;\">Tout comme le mat\u00e9riau de base servant \u00e0 sa fabrication, il existe diff\u00e9rents types de v\u00e9randas disponibles sur le march\u00e9. On peut d\u00e9nombrer la v\u00e9randa pr\u00e9fabriqu\u00e9e, la v\u00e9randa en kit, la v\u00e9randa bioclimatique, la v\u00e9randa sur mesure ainsi que la v\u00e9randa amovible.\u00a0<\/span><\/p>\n<h3>V\u00e9randa en kit<\/h3>\n<p><span style=\"font-weight: 400;\">La moins ch\u00e8re sur le march\u00e9, la v\u00e9randa en kit a un prix qui est g\u00e9n\u00e9ralement inf\u00e9rieur \u00e0 500\u00a0euros. Toutefois, elle s\u2019adapte difficilement aux architectures originales et excentriques, car de forme et dimensions trop standards. En plus, con\u00e7ue pour une superficie de 10 m\u00b2, elle n\u2019est pas du tout indiqu\u00e9e pour les grands espaces.\u00a0<\/span><\/p>\n<h3>V\u00e9randa pr\u00e9fabriqu\u00e9e<\/h3>\n<p><span style=\"font-weight: 400;\">La v\u00e9randa pr\u00e9fabriqu\u00e9e se pr\u00e9sente comme un bon compromis entre la qualit\u00e9 et le co\u00fbt. Il s\u2019agit de v\u00e9randa pr\u00e9con\u00e7ue et pr\u00e9sent\u00e9e dans des catalogues afin que le propri\u00e9taire de la maison puisse disposer d\u2019une large gamme de choix. Ainsi, il peut affiner ses pr\u00e9f\u00e9rences comme la couleur des profil\u00e9s et le mat\u00e9riau afin d\u2019assurer une parfaite personnalisation.\u00a0<\/span><\/p>\n<p><span style=\"font-weight: 400;\">La v\u00e9randa en kit peut co\u00fbter entre 500 et 1<\/span><span style=\"font-weight: 400;\">\u2009<\/span><span style=\"font-weight: 400;\">000\u00a0euros le m\u00b2.<\/span><span style=\"font-weight: 400;\">\u00a0<\/span><\/p>\n<h3>V\u00e9randa sur mesure<\/h3>\n<p><span style=\"font-weight: 400;\">Pratiquement, la plus ch\u00e8re du march\u00e9, la v\u00e9randa sur mesure est enti\u00e8rement personnalisable. Ainsi, tout est laiss\u00e9 \u00e0 la pr\u00e9f\u00e9rence du propri\u00e9taire\u00a0: mat\u00e9riaux, vitrage, forme, couleur, finition, etc.<\/span><\/p>\n<p><span style=\"font-weight: 400;\">En plus, la v\u00e9randa sur mesure a l\u2019avantage de parfaitement s\u2019adapter \u00e0 une construction d\u00e9j\u00e0 existante. Elle donne ainsi la facult\u00e9 d\u2019\u00eatre install\u00e9e apr\u00e8s la construction de votre maison au cas o\u00f9 vous voudriez en am\u00e9liorer le confort.\u00a0<\/span><\/p>\n<p><span style=\"font-weight: 400;\">Pour une v\u00e9randa sur mesure, pr\u00e9voyez un budget compris entre 1<\/span><span style=\"font-weight: 400;\">\u2009<\/span><span style=\"font-weight: 400;\">000 et 1<\/span><span style=\"font-weight: 400;\">\u2009<\/span><span style=\"font-weight: 400;\">200\u00a0euros le m\u00e8tre carr\u00e9.<\/span><\/p>\n<h3>V\u00e9randa amovible<\/h3>\n<p><span style=\"font-weight: 400;\">Encore appel\u00e9e v\u00e9randa coulissante ou v\u00e9randa r\u00e9tractable, la v\u00e9randa amovible permet une ouverture totale de l\u2019espace gr\u00e2ce au coulissage des cloisons. Ainsi, \u00e0 l\u2019aide de cloison coulissante, vous pourrez moduler l\u2019ouverture de la v\u00e9randa afin de profiter des rayons du soleil ou de l\u2019ombrage selon le temps. Ce coulissage est g\u00e9n\u00e9ralement manuel, mais vous pourrez installer un syst\u00e8me motoris\u00e9, afin d\u2019optimiser le confort.<\/span><\/p>\n<p><span style=\"font-weight: 400;\">Vous trouverez des v\u00e9randas amovibles d\u00e8s 1<\/span><span style=\"font-weight: 400;\">\u2009<\/span><span style=\"font-weight: 400;\">500\u00a0euros le m\u00b2.<\/span><\/p>\n<h3>V\u00e9randa bioclimatique<\/h3>\n<p><span style=\"font-weight: 400;\">La v\u00e9randa bioclimatique apportera dans votre espace de vie une isolation acoustique et thermique optimale. En plus, le vitrage de ce type de construction ext\u00e9rieure s\u2019adapte automatiquement au climat de votre r\u00e9gion et \u00e0 l\u2019orientation du vent.\u00a0<\/span><\/p>\n<p><span style=\"font-weight: 400;\">Pouvant uniquement \u00eatre fabriqu\u00e9e sur mesure en tenant compte des diff\u00e9rentes contraintes propres \u00e0 chaque r\u00e9gion, il est difficile de pr\u00e9senter une fourchette de prix de v\u00e9randa bioclimatique. Il vous faudra n\u00e9cessairement un devis avant de conna\u00eetre le prix d\u2019une v\u00e9randa bioclimatique. Vous pourrez obtenir, aupr\u00e8s de votre sp\u00e9cialiste, un devis gratuit pour l\u2019installation d\u2019une v\u00e9randa bioclimatique.\u00a0<\/span><\/p>\n<p><span style=\"font-weight: 400;\">Il est \u00e0 souligner que si vous ne voulez pas n\u00e9cessairement de v\u00e9randa ferm\u00e9e, vous pourrez toujours opter pour une pergola adoss\u00e9e bioclimatique qui assure un r\u00f4le similaire.<\/span><\/p>\n<\/div><\/div><div class=\"w-separator size_medium\"><\/div><div class=\"w-btn-wrapper width_auto align_center\"><a class=\"w-btn us-btn-style_2\" title=\"Demander un devis\" href=\"https:\/\/devis.eldo.com\/veranda-new\/france?utm_source=gmb&amp;utm_medium=SEO&amp;utm_campaign=veranda-prix\"><span class=\"w-btn-label\">Demander conseil<\/span><\/a><\/div><div class=\"w-separator size_medium\"><\/div><div class=\"w-image align_center\"><div class=\"w-image-h\"><img width=\"600\" height=\"392\" src=\"https:\/\/www.eldo.com\/guide\/wp-content\/uploads\/2022\/02\/prix-veranda-alu-contemporaine.jpg-600x392.webp\" class=\"attachment-us_600_400 size-us_600_400\" alt=\"\" srcset=\"https:\/\/www.eldo.com\/guide\/wp-content\/uploads\/2022\/02\/prix-veranda-alu-contemporaine.jpg-600x392.webp 600w, https:\/\/www.eldo.com\/guide\/wp-content\/uploads\/2022\/02\/prix-veranda-alu-contemporaine.jpg-300x196.webp 300w, https:\/\/www.eldo.com\/guide\/wp-content\/uploads\/2022\/02\/prix-veranda-alu-contemporaine.jpg.webp 800w\" sizes=\"(max-width: 600px) 100vw, 600px\" \/><\/div><\/div><div class=\"w-separator size_medium\"><\/div><div class=\"wpb_text_column\" ><div class=\"wpb_wrapper\"><h2><span style=\"font-weight: 400;\">V\u00e9randa\u00a0: ce qui p\u00e8se dans le devis<\/span><\/h2>\n<p><span style=\"font-weight: 400;\">Plusieurs facteurs influent grandement sur le co\u00fbt d\u2019installation de votre v\u00e9randa. En effet, l\u2019am\u00e9nagement int\u00e9rieur de votre espace de d\u00e9tente est un \u00e9l\u00e9ment \u00e0 ne pas n\u00e9gliger. Ainsi, votre budget ne sera pas le m\u00eame si vous envisagez de disposer uniquement d\u2019un salon ou si vous ambitionnez d\u2019installer, en plus du salon, une cuisine ou une piscine sous la v\u00e9randa.\u00a0<\/span><\/p>\n<p><span style=\"font-weight: 400;\">\u00c9galement, le type de toiture et le type du vitrage sont des \u00e9l\u00e9ments affectant le co\u00fbt de votre v\u00e9randa. Baie vitr\u00e9e, mat\u00e9riau anti-bruit, mat\u00e9riau des profil\u00e9s sont autant d\u2019\u00e9l\u00e9ments grevant votre budget \u00e0 prendre en consid\u00e9ration. De m\u00eame, ces crit\u00e8res impactent sur les performances thermiques de votre v\u00e9randa.\u00a0<\/span><\/p>\n<p><span style=\"font-weight: 400;\">Finalement, <a href=\"https:\/\/www.eldo.com\/guide\/veranda\/construction\/financement\">le financement<\/a> d&rsquo;une v\u00e9randa de forme traditionnelle de 15 m\u00b2 peut co\u00fbter un peu moins de 19<\/span><span style=\"font-weight: 400;\">\u2009<\/span><span style=\"font-weight: 400;\">300\u00a0euros lorsqu\u2019elle pr\u00e9sente une parfaite isolation. Par contre, une v\u00e9randa de m\u00eames dimensions avec une performance thermique moindre peut revenir \u00e0 moins de 15<\/span><span style=\"font-weight: 400;\">\u2009<\/span><span style=\"font-weight: 400;\">000\u00a0euros, sans compter les travaux de ma\u00e7onnerie.\u00a0<\/span><\/p>\n<h3>Le vitrage de la v\u00e9randa<\/h3>\n<p><span style=\"font-weight: 400;\">Afin de garantir une isolation optimale durant l\u2019hiver tout comme en p\u00e9riode estivale, il est recommand\u00e9 d\u2019opter pour un double vitrage \u00e0 isolation renforc\u00e9e (double vitrage VIR). Le prix du double vitrage VIR varie entre 35 et 50\u00a0euros le m\u00b2.\u00a0<\/span><\/p>\n<p><span style=\"font-weight: 400;\">Vous pourrez \u00e9galement opter pour un double vitrage anti-effraction, dont le prix est g\u00e9n\u00e9ralement au-dessus de 100\u00a0euros le m\u00e8tre carr\u00e9. Il s\u2019agit de verre feuillet\u00e9 con\u00e7u pour \u00e9viter de se briser en cas d\u2019accident, mais \u00e9galement afin de dissuader les cambrioleurs.<\/span><\/p>\n<h3>La toiture de la v\u00e9randa<\/h3>\n<p><span style=\"font-weight: 400;\">Pour la toiture de votre v\u00e9randa, vous pourrez choisir parmi quatre options.\u00a0<\/span><\/p>\n<p><span style=\"font-weight: 400;\">Premi\u00e8rement, le caoutchouc \u00e9thyl\u00e8ne-propyl\u00e8ne-di\u00e8ne monom\u00e8re, commun\u00e9ment appel\u00e9 EPDM, est id\u00e9al pour les v\u00e9randas \u00e0 toit plat. L\u2019EPDM \u00e9tant bien \u00e9tanche et facile \u00e0 r\u00e9parer, il est encore plus indiqu\u00e9 pour le toit des v\u00e9randas lorsqu\u2019elles sont install\u00e9es en dessous d\u2019une goutti\u00e8re. Son prix varie entre 30 et 75\u00a0euros le m\u00b2.<\/span><\/p>\n<p><span style=\"font-weight: 400;\">Ensuite, les panneaux en polycarbonate apportent une bonne isolation. Il existe des panneaux d\u2019\u00e9paisseur allant de 16 \u00e0 52\u00a0cm, et plus le panneau est \u00e9pais, meilleure sera sa performance thermique. Les panneaux polycarbonates repr\u00e9sentent l\u2019option la plus \u00e9conomique, avec un prix compris entre 15 et 20\u00a0euros le m\u00e8tre carr\u00e9.\u00a0<\/span><\/p>\n<p><span style=\"font-weight: 400;\">Le verre, quant \u00e0 lui, est parfait pour laisser p\u00e9n\u00e9trer la lumi\u00e8re et les rayons du soleil. Toutefois, il n\u00e9cessite que la structure de la v\u00e9randa soit assez r\u00e9sistante, car le verre est un mat\u00e9riau particuli\u00e8rement lourd. Une toiture en verre co\u00fbte entre 35 et 65\u00a0euros le m\u00e8tre carr\u00e9.<\/span><\/p>\n<p><span style=\"font-weight: 400;\">Enfin, l\u2019ardoise ou la tuile permet \u00e0 votre v\u00e9randa de s\u2019harmoniser parfaitement avec le design de l\u2019ensemble de la maison. Vous trouverez des tuiles de b\u00e9ton bon march\u00e9 co\u00fbtant d\u00e8s 25\u00a0euros le m\u00b2<\/span><span style=\"font-weight: 400;\">. <\/span><span style=\"font-weight: 400;\">Les tuiles en ardoise naturelle, quant \u00e0 elles, co\u00fbtent 100\u00a0euros le m\u00b2.<\/span><\/p>\n<\/div><\/div><div class=\"w-separator size_medium\"><\/div><div class=\"w-btn-wrapper width_auto align_center\"><a class=\"w-btn us-btn-style_2\" title=\"Demander un devis\" href=\"https:\/\/devis.eldo.com\/veranda-new\/france?utm_source=gmb&amp;utm_medium=SEO&amp;utm_campaign=veranda-prix\"><span class=\"w-btn-label\">Demander un devis<\/span><\/a><\/div><div class=\"w-separator size_medium\"><\/div><div class=\"w-image align_center\"><div class=\"w-image-h\"><img width=\"512\" height=\"341\" src=\"https:\/\/www.eldo.com\/guide\/wp-content\/uploads\/2022\/02\/veranda.jpg\" class=\"attachment-large size-large\" alt=\"\" srcset=\"https:\/\/www.eldo.com\/guide\/wp-content\/uploads\/2022\/02\/veranda.jpg 512w, https:\/\/www.eldo.com\/guide\/wp-content\/uploads\/2022\/02\/veranda-300x200.jpg 300w, https:\/\/www.eldo.com\/guide\/wp-content\/uploads\/2022\/02\/veranda-600x400.jpg 600w\" sizes=\"(max-width: 512px) 100vw, 512px\" \/><\/div><\/div><div class=\"w-separator size_medium\"><\/div><div \" class=\"faq_question_container\"><h2 class=\"faq_question_title\">Quelles sont les r\u00e9glementations pour construire une v\u00e9randa ?<\/h2><div class=\"faq_question_content\"><p><span style=\"font-weight: 400;\">La <a href=\"https:\/\/www.eldo.com\/guide\/veranda\/construction\">construction de v\u00e9randa<\/a> est soumise \u00e0 une r\u00e9glementation stricte, tant nationale que locale, particuli\u00e8rement en copropri\u00e9t\u00e9 dans le cas de v\u00e9randa sur un balcon. Ainsi, avant de commencer \u00e0 r\u00e9aliser votre projet, vous devez vous rapprocher des services de votre mairie afin de conna\u00eetre la r\u00e9glementation en vigueur dans votre r\u00e9gion.<\/span><\/p>\n<p><span style=\"font-weight: 400;\">Aussi, faire appel \u00e0 un professionnel pour l\u2019installation de la v\u00e9randa garantit un travail solide d\u2019une bonne long\u00e9vit\u00e9.<\/span><\/p>\n<h3>R\u00e9glementation \u00e0 respecter<\/h3>\n<p><span style=\"font-weight: 400;\">Avant toute construction de v\u00e9randa, ayez le r\u00e9flexe de vous rapprocher de votre mairie afin de prendre connaissance des contraintes li\u00e9es au Plan Local d\u2019Urbanisme. Il s\u2019agit notamment des couleurs des menuiseries ext\u00e9rieures.\u00a0<\/span><\/p>\n<p><span style=\"font-weight: 400;\">Aussi, en cas de vue droite chez le voisin, la v\u00e9randa doit laisser un espace minimum de 1,90 m entre la limite s\u00e9parative de la propri\u00e9t\u00e9. Lorsqu\u2019il s\u2019agit de vue oblique chez le voisin, cet espace est ramen\u00e9 \u00e0 60\u00a0cm.\u00a0<\/span><\/p>\n<p><span style=\"font-weight: 400;\">La construction d\u2019une v\u00e9randa faisant augmenter la surface habitable, elle entra\u00eene ainsi une augmentation du co\u00fbt de la taxe fonci\u00e8re. Enfin, si la maison est assur\u00e9e, vous devez n\u00e9cessairement pr\u00e9venir l\u2019agence d\u2019assurance habitation de l\u2019ajout d\u2019une v\u00e9randa.<\/span><\/p>\n<h3>V\u00e9randa\u00a0: autorisation ou permis de construire<\/h3>\n<p><span style=\"font-weight: 400;\">Il n\u2019y a aucune formalit\u00e9 administrative pour la construction d\u2019une v\u00e9randa dans la limite de 5 m\u00b2 de plancher suppl\u00e9mentaire avec une emprise au sol de 5 m\u00b2. Toutefois, c\u2019est \u00e0 condition de ne cr\u00e9er aucune ouverture telle que fen\u00eatre et porte. Cette norme concerne g\u00e9n\u00e9ralement une petite v\u00e9randa de terrasse.\u00a0<\/span><\/p>\n<p><span style=\"font-weight: 400;\">Par contre, au-del\u00e0 de ces dimensions, et jusqu\u2019\u00e0 une surface de 40 m\u00b2, vous devez pr\u00e9alablement faire une d\u00e9claration de travaux. En dehors des zones PLU, la limite de 40\u00a0m\u00b2 est ramen\u00e9e \u00e0 20\u00a0m\u00b2.<\/span><\/p>\n<p><span style=\"font-weight: 400;\">Les v\u00e9randas d\u2019une superficie sup\u00e9rieure \u00e0 40\u00a0m\u00b2 doivent obligatoirement faire l\u2019objet d\u2019un permis de construire. De plus, au cas o\u00f9 les travaux d\u2019extension porteraient la surface de construction \u00e0 plus de 150\u00a0m\u00b2, la pr\u00e9sence d\u2019un architecte est n\u00e9cessaire. Cette condition concerne la construction de v\u00e9randa de superficie minimale de 20 m\u00b2 et n\u00e9cessite obligatoirement un d\u00e9p\u00f4t de permis de construire.<\/span><\/p>\n<p><span style=\"font-weight: 400;\">Enfin, dans le cas des copropri\u00e9t\u00e9s, l\u2019installation d\u2019une v\u00e9randa n\u00e9cessite pr\u00e9alablement le vote favorable de la majorit\u00e9 des copropri\u00e9taires en assembl\u00e9e g\u00e9n\u00e9rale.<\/span><\/p>\n<h3>Pose professionnelle de v\u00e9randa<\/h3>\n<p><span style=\"font-weight: 400;\">La v\u00e9randa n\u00e9cessitant des bases solides, elle demande pr\u00e9alablement \u00e0 son installation des travaux de ma\u00e7onnerie. En effet, il faudrait un coulage de dalle qui pourra vous revenir entre 130 et 220\u00a0euros le m\u00e8tre carr\u00e9.\u00a0<\/span><\/p>\n<p><span style=\"font-weight: 400;\">Si vous installez votre v\u00e9randa sur une terrasse, il pourrait alors \u00eatre n\u00e9cessaire de faire consolider les fondations. Afin d\u2019\u00e9viter les ponts thermiques, il est toujours recommand\u00e9 de poser un muret. Cela peut revenir \u00e0 50\u00a0euros le m\u00b2. En plus d\u2019\u00e9viter les ponts thermiques entre la dalle et la v\u00e9randa, le muret permettra de prot\u00e9ger les parois des salissures et des chocs.<\/span><\/p>\n<p><span style=\"font-weight: 400;\">Face \u00e0 toutes ces contraintes, il est toujours id\u00e9al de faire appel \u00e0 un professionnel pour l\u2019installation de sa v\u00e9randa, m\u00eame pour celle d\u2019une v\u00e9randa en kit. Il est, en effet, gr\u00e2ce \u00e0 son savoir-faire, le plus qualifi\u00e9 pour manipuler des parois vitr\u00e9es. En plus, une v\u00e9randa mal install\u00e9e ne sera pas du tout \u00e9tanche et pr\u00e9sentera des risques d\u2019affaissement. Faites alors confiance \u00e0 l\u2019expertise du professionnel sp\u00e9cialiste.\u00a0\u00a0<\/span><\/p>\n<p><span style=\"font-weight: 400;\">La pose d\u2019une v\u00e9randa peut co\u00fbter entre 150 et 500\u00a0euros selon le professionnel, mais \u00e9galement des difficult\u00e9s li\u00e9es au chantier. En effet, une v\u00e9randa droite est beaucoup plus simple \u00e0 poser qu\u2019une v\u00e9randa d\u2019angle.<\/span><\/p>\n<p><span style=\"font-weight: 400;\">N\u2019h\u00e9sitez alors pas \u00e0 demander plusieurs devis afin de comparer les diff\u00e9rents tarifs et mieux pr\u00e9parer votre budget.<\/span><\/p>\n<\/div><\/div><div class=\"w-separator size_small\"><\/div><div class=\"w-btn-wrapper width_auto align_center\"><a class=\"w-btn us-btn-style_2\" title=\"Demander un devis\" href=\"https:\/\/devis.eldo.com\/veranda-new\/france?utm_source=gmb&amp;utm_medium=SEO&amp;utm_campaign=veranda-prix\"><span class=\"w-btn-label\">Je cherche un pro de confiance<\/span><\/a><\/div><\/div><\/div><\/div><\/div><\/div><\/section><section class=\"l-section wpb_row height_medium\"><div class=\"l-section-h i-cf\"><div class=\"g-cols vc_row type_default valign_top\"><div class=\"vc_col-sm-12 wpb_column vc_column_container\"><div class=\"vc_column-inner\"><div class=\"wpb_wrapper\"><div class=\"w-grid type_grid layout_portfolio_3 cols_3 valign_center ratio_1x1\" id=\"us_grid_1\"><style id=\"us_grid_1_css\">#us_grid_1 .w-grid-item{padding:1.5rem}#us_grid_1 .w-grid-list{margin:-1.5rem}.w-grid + #us_grid_1 .w-grid-list{margin-top:1.5rem}@media (max-width:899px){#us_grid_1 .w-grid-item{width:50.0000%}#us_grid_1 .w-grid-item.size_2x1,#us_grid_1 .w-grid-item.size_2x2{width:100.0000%}}@media (max-width:599px){#us_grid_1 .w-grid-list{margin:0}#us_grid_1 .w-grid-item{width:100.0000%;padding:0;margin-bottom:1.5rem}}<\/style><style>.layout_portfolio_3 .w-grid-item-h:before{padding-bottom:100.0000%}@media (min-width:600px){.layout_portfolio_3 .w-grid-item.size_1x2 .w-grid-item-h:before{padding-bottom:calc(200.0000% + 1.5rem + 1.5rem)}.layout_portfolio_3 .w-grid-item.size_2x1 .w-grid-item-h:before{padding-bottom:calc(50.0000% - 1.5rem * 1.0000)}.layout_portfolio_3 .w-grid-item.size_2x2 .w-grid-item-h:before{padding-bottom:calc(100.0000% - 1.5rem * 0)}}.layout_portfolio_3 .w-grid-item-h{}.layout_portfolio_3 .usg_post_image_1{transition-duration:0.4s;transform-origin:50% 50%;transform:scale(1) translate(0,0);opacity:0.25}.layout_portfolio_3 .w-grid-item-h:hover .usg_post_image_1{transform:scale(1) translate(0,0);opacity:1}.layout_portfolio_3 .usg_post_title_1{transition-duration:0.3s;transform-origin:50% 50%;transform:scale(1) translate(0,0)}.layout_portfolio_3 .w-grid-item-h:hover .usg_post_title_1{transform:scale(1) translate(0,-100%);opacity:0}.layout_portfolio_3 .usg_post_taxonomy_1{transition-duration:0.3s;transform-origin:50% 50%;transform:scale(1) translate(0,0)}.layout_portfolio_3 .w-grid-item-h:hover .usg_post_taxonomy_1{transform:scale(1) translate(0,100%);opacity:0}.layout_portfolio_3 .usg_post_image_1{position:absolute!important;top:0!important;right:0!important;bottom:0!important;left:0!important}.layout_portfolio_3 .usg_vwrapper_1{position:absolute!important;top:0!important;right:0!important;bottom:0!important;left:0!important;padding:2rem!important}.layout_portfolio_3 .usg_post_title_1{color:inherit!important;font-size:1.4rem!important}<\/style><div class=\"w-grid-list\" >\t<article class=\"w-grid-item size_1x1 post-7146 page type-page status-publish has-post-thumbnail hentry\" data-id=\"7146\">\r\n\t\t<div class=\"w-grid-item-h\">\r\n\t\t\t\t\t\t\t<a class=\"w-grid-item-anchor\" href=\"https:\/\/www.eldo.com\/guide\/veranda\/chaleur-veranda\/\" rel=\"bookmark\" aria-label=\"Chauffage d&rsquo;une v\u00e9randa\"><\/a>\r\n\t\t\t\t\t\t<div class=\"w-post-elm post_image usg_post_image_1 stretched\"><img width=\"512\" height=\"343\" src=\"https:\/\/www.eldo.com\/guide\/wp-content\/uploads\/2022\/02\/chauffage-veranda-poele-bois_0.jpg\" class=\"attachment-large size-large wp-post-image\" alt=\"\" srcset=\"https:\/\/www.eldo.com\/guide\/wp-content\/uploads\/2022\/02\/chauffage-veranda-poele-bois_0.jpg 512w, https:\/\/www.eldo.com\/guide\/wp-content\/uploads\/2022\/02\/chauffage-veranda-poele-bois_0-300x201.jpg 300w, https:\/\/www.eldo.com\/guide\/wp-content\/uploads\/2022\/02\/chauffage-veranda-poele-bois_0-597x400.jpg 597w\" sizes=\"(max-width: 512px) 100vw, 512px\" \/><\/div><div class=\"w-vwrapper usg_vwrapper_1 align_center valign_middle\"><h2 class=\"w-post-elm post_title usg_post_title_1 entry-title color_link_inherit has_text_color\">Chauffage d&rsquo;une v\u00e9randa<\/h2><\/div>\t\t<\/div>\r\n\t<\/article>\r\n\t<article class=\"w-grid-item size_1x1 post-7104 page type-page status-publish has-post-thumbnail hentry\" data-id=\"7104\">\r\n\t\t<div class=\"w-grid-item-h\">\r\n\t\t\t\t\t\t\t<a class=\"w-grid-item-anchor\" href=\"https:\/\/www.eldo.com\/guide\/veranda\/construction\/financement\" rel=\"bookmark\" aria-label=\"V\u00e9randa financement\"><\/a>\r\n\t\t\t\t\t\t<div class=\"w-post-elm post_image usg_post_image_1 stretched\"><img width=\"512\" height=\"311\" src=\"https:\/\/www.eldo.com\/guide\/wp-content\/uploads\/2022\/02\/veranda10-min.jpg\" class=\"attachment-large size-large wp-post-image\" alt=\"\" srcset=\"https:\/\/www.eldo.com\/guide\/wp-content\/uploads\/2022\/02\/veranda10-min.jpg 512w, https:\/\/www.eldo.com\/guide\/wp-content\/uploads\/2022\/02\/veranda10-min-300x182.jpg 300w, https:\/\/www.eldo.com\/guide\/wp-content\/uploads\/2022\/02\/veranda10-min-600x365.jpg 600w, https:\/\/www.eldo.com\/guide\/wp-content\/uploads\/2022\/02\/veranda10-min-800x487.jpg 800w\" sizes=\"(max-width: 512px) 100vw, 512px\" \/><\/div><div class=\"w-vwrapper usg_vwrapper_1 align_center valign_middle\"><h2 class=\"w-post-elm post_title usg_post_title_1 entry-title color_link_inherit has_text_color\">V\u00e9randa financement<\/h2><\/div>\t\t<\/div>\r\n\t<\/article>\r\n\t<article class=\"w-grid-item size_1x1 post-7060 page type-page status-publish has-post-thumbnail hentry\" data-id=\"7060\">\r\n\t\t<div class=\"w-grid-item-h\">\r\n\t\t\t\t\t\t\t<a class=\"w-grid-item-anchor\" href=\"https:\/\/www.eldo.com\/guide\/veranda\/construction\" rel=\"bookmark\" aria-label=\"Construction d&rsquo;une v\u00e9randa\"><\/a>\r\n\t\t\t\t\t\t<div class=\"w-post-elm post_image usg_post_image_1 stretched\"><img width=\"512\" height=\"315\" src=\"https:\/\/www.eldo.com\/guide\/wp-content\/uploads\/2022\/02\/veranda-104600.jpg\" class=\"attachment-large size-large wp-post-image\" alt=\"\" srcset=\"https:\/\/www.eldo.com\/guide\/wp-content\/uploads\/2022\/02\/veranda-104600.jpg 512w, https:\/\/www.eldo.com\/guide\/wp-content\/uploads\/2022\/02\/veranda-104600-300x185.jpg 300w, https:\/\/www.eldo.com\/guide\/wp-content\/uploads\/2022\/02\/veranda-104600-600x369.jpg 600w\" sizes=\"(max-width: 512px) 100vw, 512px\" \/><\/div><div class=\"w-vwrapper usg_vwrapper_1 align_center valign_middle\"><h2 class=\"w-post-elm post_title usg_post_title_1 entry-title color_link_inherit has_text_color\">Construction d&rsquo;une v\u00e9randa<\/h2><\/div>\t\t<\/div>\r\n\t<\/article>\r\n<\/div><div class=\"w-grid-preloader\"><div class=\"g-preloader type_1\">\r\n\t<div><\/div>\r\n<\/div>\r\n<\/div>\t<div class=\"w-grid-json hidden\" onclick='return {&quot;action&quot;:&quot;us_ajax_grid&quot;,&quot;ajax_url&quot;:&quot;https:\\\/\\\/www.eldo.com\\\/guide\\\/wp-admin\\\/admin-ajax.php&quot;,&quot;infinite_scroll&quot;:0,&quot;max_num_pages&quot;:1,&quot;pagination&quot;:&quot;none&quot;,&quot;permalink_url&quot;:&quot;https:\\\/\\\/www.eldo.com\\\/guide\\\/wp-json\\\/wp\\\/v2\\\/pages\\\/6994&quot;,&quot;template_vars&quot;:{&quot;columns&quot;:&quot;3&quot;,&quot;exclude_items&quot;:&quot;none&quot;,&quot;img_size&quot;:&quot;default&quot;,&quot;ignore_items_size&quot;:false,&quot;items_layout&quot;:&quot;portfolio_3&quot;,&quot;items_offset&quot;:&quot;1&quot;,&quot;load_animation&quot;:&quot;none&quot;,&quot;overriding_link&quot;:&quot;post&quot;,&quot;post_id&quot;:6994,&quot;query_args&quot;:{&quot;ignore_sticky_posts&quot;:1,&quot;post_type&quot;:&quot;any&quot;,&quot;post__in&quot;:[&quot;7146&quot;,&quot;7060&quot;,&quot;7104&quot;],&quot;posts_per_page&quot;:&quot;10&quot;},&quot;orderby_query_args&quot;:{&quot;orderby&quot;:{&quot;date&quot;:&quot;DESC&quot;}},&quot;type&quot;:&quot;grid&quot;,&quot;us_grid_ajax_index&quot;:1,&quot;us_grid_filter_params&quot;:null,&quot;us_grid_index&quot;:1,&quot;_us_grid_post_type&quot;:&quot;ids&quot;}}'><\/div>\r\n\t<\/div><\/div><\/div><\/div><\/div><\/div><\/section><section class=\"l-section wpb_row us_custom_e91755c2 height_auto width_full with_overlay\"><div class=\"l-section-overlay\" style=\"background: #ebebeb\"><\/div><div class=\"l-section-h i-cf\"><div class=\"g-cols vc_row type_boxes valign_middle\"><div class=\"vc_col-sm-12 wpb_column vc_column_container has-fill\"><div class=\"vc_column-inner us_custom_743acecb\"><div class=\"wpb_wrapper\"><p class=\"w-itext us_custom_6df4bc3a type_typingChars align_center\" onclick='return {&quot;duration&quot;:300,&quot;delay&quot;:2000,&quot;disablePartAnimation&quot;:false,&quot;dynamicColor&quot;:&quot;#ffffff&quot;,&quot;html_nbsp_char&quot;:true}'>Je\u00a0cherche\u00a0un\u00a0pro\u00a0\u00e0\u00a0<span class=\"w-itext-part changesat_0 changesat_1 changesat_2 changesat_3 changesat_4 dynamic\" style=\"color:#ffffff\" onclick='return [&quot;Bordeaux&quot;,&quot;Toulouse&quot;,&quot;Paris&quot;,&quot;Nantes&quot;,&quot;Marseille&quot;]'><span>Bordeaux<\/span><i class=\"w-itext-cursor\"><\/i><\/span><\/p><div class=\"w-separator size_medium\"><\/div><div class=\"w-btn-wrapper width_auto align_center\"><a class=\"w-btn us-btn-style_2\" title=\"Demander un devis\" href=\"https:\/\/devis.eldo.com\/veranda-new\/france?utm_source=gmb&amp;utm_medium=SEO&amp;utm_campaign=veranda-prix\"><span class=\"w-btn-label\">Trouver un pro de confiance<\/span><\/a><\/div><\/div><\/div><\/div><\/div><\/div><\/section>\n","protected":false},"excerpt":{"rendered":"Quelles sont les \u00e9tapes \u00e0 respecter pour la construction d\u2019une v\u00e9randa ? Guides travauxPages La v\u00e9randa est un agrandissement de la maison consid\u00e9r\u00e9e comme le meilleur moyen de cr\u00e9er une nouvelle pi\u00e8ce dans votre habitation. Elle est compos\u00e9e de vitrage, parois ou baies vitr\u00e9es, tant sur les fa\u00e7ades que sur la toiture. De petits travaux...","protected":false},"author":5,"featured_media":6988,"parent":6962,"menu_order":0,"comment_status":"closed","ping_status":"closed","template":"","meta":[],"page_tags":[],"_links":{"self":[{"href":"https:\/\/www.eldo.com\/guide\/wp-json\/wp\/v2\/pages\/6994"}],"collection":[{"href":"https:\/\/www.eldo.com\/guide\/wp-json\/wp\/v2\/pages"}],"about":[{"href":"https:\/\/www.eldo.com\/guide\/wp-json\/wp\/v2\/types\/page"}],"author":[{"embeddable":true,"href":"https:\/\/www.eldo.com\/guide\/wp-json\/wp\/v2\/users\/5"}],"replies":[{"embeddable":true,"href":"https:\/\/www.eldo.com\/guide\/wp-json\/wp\/v2\/comments?post=6994"}],"version-history":[{"count":18,"href":"https:\/\/www.eldo.com\/guide\/wp-json\/wp\/v2\/pages\/6994\/revisions"}],"predecessor-version":[{"id":10290,"href":"https:\/\/www.eldo.com\/guide\/wp-json\/wp\/v2\/pages\/6994\/revisions\/10290"}],"up":[{"embeddable":true,"href":"https:\/\/www.eldo.com\/guide\/wp-json\/wp\/v2\/pages\/6962"}],"wp:featuredmedia":[{"embeddable":true,"href":"https:\/\/www.eldo.com\/guide\/wp-json\/wp\/v2\/media\/6988"}],"wp:attachment":[{"href":"https:\/\/www.eldo.com\/guide\/wp-json\/wp\/v2\/media?parent=6994"}],"wp:term":[{"taxonomy":"page_tags","embeddable":true,"href":"https:\/\/www.eldo.com\/guide\/wp-json\/wp\/v2\/page_tags?post=6994"}],"curies":[{"name":"wp","href":"https:\/\/api.w.org\/{rel}","templated":true}]}}