{"id":5100,"date":"2021-08-27T12:36:29","date_gmt":"2021-08-27T12:36:29","guid":{"rendered":"https:\/\/www.eldo.com\/guide\/?page_id=5100"},"modified":"2024-01-25T16:16:44","modified_gmt":"2024-01-25T16:16:44","slug":"pourquoi-motoriser-un-portail%e2%80%89","status":"publish","type":"page","link":"https:\/\/www.eldo.com\/guide\/portail\/motorisation\/pourquoi","title":{"rendered":"Pourquoi motoriser un portail\u2009?"},"content":{"rendered":"<section class=\"l-section wpb_row us_custom_e91755c2 height_auto width_full with_overlay\"><div class=\"l-section-overlay\" style=\"background: #ffffff\"><\/div><div class=\"l-section-h i-cf\"><div class=\"g-cols vc_row type_boxes valign_middle gap-10px\"><style>.g-cols.gap-10px{margin:0 -10px}.gap-10px > .vc_column_container {padding:10px}<\/style><div class=\"vc_col-sm-12 wpb_column vc_column_container has-fill has_text_color\"><div class=\"vc_column-inner us_custom_7f48649f\"><div class=\"wpb_wrapper\"><div class=\"wpb_text_column us_custom_08d2243f has_text_color\" ><div class=\"wpb_wrapper\"><h1 style=\"text-align: center;\"><span style=\"font-weight: 400;\">Pourquoi motoriser un portail\u2009?<\/span><\/h1>\n<\/div><\/div><div class=\"w-separator size_medium\"><\/div><ol class=\"g-breadcrumbs us_custom_6df4bc3a separator_icon align_left has_text_color\"><li class=\"g-breadcrumbs-item\"><a href=\"https:\/\/www.eldo.com\/guide\/\">Guides travaux<\/a><meta content=\"1\"\/><\/li><li class=\"g-breadcrumbs-separator\"><i class=\"far fa-angle-right\"><\/i><\/li><li class=\"g-breadcrumbs-item\">Pages<\/li><\/ol><\/div><\/div><\/div><\/div><\/div><\/section><section class=\"l-section wpb_row us_custom_e91755c2 height_auto width_full with_overlay\"><div class=\"l-section-overlay\" style=\"background: #ffffff\"><\/div><div class=\"l-section-h i-cf\"><div class=\"g-cols vc_row type_boxes valign_middle gap-10px\"><style>.g-cols.gap-10px{margin:0 -10px}.gap-10px > .vc_column_container {padding:10px}<\/style><div class=\"vc_col-sm-12 wpb_column vc_column_container\"><div class=\"vc_column-inner\"><div class=\"wpb_wrapper\"><div class=\"wpb_text_column us_custom_08d2243f has_text_color\" ><div class=\"wpb_wrapper\">\n<\/div><\/div><div class=\"wpb_text_column us_custom_1eefa3cd has_text_color\" ><div class=\"wpb_wrapper\"><p><span style=\"font-weight: 400;\">Disponible sur internet comme dans la majorit\u00e9 des magasins de bricolage, la motorisation de portail est de plus en plus demand\u00e9e. La demande vient surtout des quartiers r\u00e9sidentiels. Quelques \u00e9l\u00e9ments de r\u00e9ponse \u00e0 la question de savoir pourquoi motoriser un portail.<\/span><\/p>\n<\/div><\/div><\/div><\/div><\/div><\/div><\/div><\/section><section class=\"l-section wpb_row height_auto width_full\"><div class=\"l-section-h i-cf\"><div class=\"g-cols vc_row type_boxes valign_middle gap-10px\"><style>.g-cols.gap-10px{margin:0 -10px}.gap-10px > .vc_column_container {padding:10px}<\/style><div class=\"vc_col-sm-6 wpb_column vc_column_container has-fill\"><div class=\"vc_column-inner us_custom_e4eb24e1\"><div class=\"wpb_wrapper\"><div \" class=\"faq_question_container\"><h2 class=\"faq_question_title\">la motorisation de portail un confort d\u2019usage ?<\/h2><div class=\"faq_question_content\"><p><span style=\"font-weight: 400;\">Certains portails, notamment ceux en fer forg\u00e9 et en bois, sont assez lourds et difficiles \u00e0 ouvrir ou fermer manuellement. De plus, un portail manuel peut s\u2019av\u00e9rer contraignant, m\u00eame pour des portails plus l\u00e9gers comme les portails en aluminium ou les portails en PVC.<\/span><\/p>\n<p>&nbsp;<\/p>\n<p><span style=\"font-weight: 400;\">En effet, il est fastidieux de tout le temps devoir descendre du v\u00e9hicule pour proc\u00e9der \u00e0 l\u2019ouverture et la fermeture manuelle des battants, m\u00eame coulissant \u00e0 chaque franchissement du portail. Cela occasionne une perte de temps et est tr\u00e8s d\u00e9sagr\u00e9able lorsque le temps est soumis aux caprices des intemp\u00e9ries, fortes pluies ou vents puissants.<\/span><\/p>\n<p>&nbsp;<\/p>\n<p><span style=\"font-weight: 400;\">Installer un portail \u00e9lectrique fera oublier la p\u00e9nibilit\u00e9 de la r\u00e9p\u00e9tition de ces gestes. Il suffira d\u2019un simple clic sur une t\u00e9l\u00e9commande pour commander l\u2019ouverture du portail, et il se referme une fois la porte d\u2019entr\u00e9e franchie.<\/span><\/p>\n<p>&nbsp;<\/p>\n<p><span style=\"font-weight: 400;\">\u00c0 ce confort d\u2019usage s\u2019ajoute \u00e9galement un confort visuel. Portail coulissant qui se d\u00e9place automatiquement de fa\u00e7on lat\u00e9rale sur des rails<\/span><span style=\"font-weight: 400;\">\u2009<\/span><span style=\"font-weight: 400;\">; portail battant se mouvant suivant des bras articul\u00e9s ou des v\u00e9rins encastr\u00e9s. Le plus agr\u00e9able dans les quartiers r\u00e9sidentiels, ce sont les portails autoportants guid\u00e9s par une cr\u00e9maill\u00e8re.<\/span><\/p>\n<p>&nbsp;<\/p>\n<p><span style=\"font-weight: 400;\">Certaines motorisations, plus discr\u00e8tes sont enterr\u00e9es, n\u00e9cessitent des travaux de ma\u00e7onnerie. Toujours est-il que le type de moteur est fonction des automatismes. Les portails coulissants ou autoport\u00e9s, bien qu\u2019offrant un consid\u00e9rable gain de place, n\u00e9cessitent un moteur plus puissant que ceux des portails battants.<\/span><\/p>\n<\/div><\/div><div class=\"w-separator size_small\"><\/div><div class=\"w-btn-wrapper width_auto align_center\"><a class=\"w-btn us-btn-style_2\" title=\"Demander un devis\" target=\"_blank\" href=\"https:\/\/devis.eldo.com\/portails-portes-de-garage-new\/france?utm_source=SEO&amp;utm_medium=Guide&amp;utm_campaign=portail_porte-garage-portail-motorisation-pourquoi\" rel=\"noopener\"><span class=\"w-btn-label\">Expliquer mon projet<\/span><\/a><\/div><\/div><\/div><\/div><div class=\"vc_col-sm-6 wpb_column vc_column_container\"><div class=\"vc_column-inner\"><div class=\"wpb_wrapper\"><div \" class=\"faq_question_container\"><h2 class=\"faq_question_title\">Le portail motoris\u00e9 un gain de s\u00e9curit\u00e9 ?<\/h2><div class=\"faq_question_content\"><p><span style=\"font-weight: 400;\">Au-del\u00e0 de son aspect pratique, la motorisation de portail renforce la s\u00e9curit\u00e9 de votre habitation. En effet, en supprimant la n\u00e9cessit\u00e9 de descendre du v\u00e9hicule, le portail automatique \u00e9limine les risques d\u2019exposition aux agresseurs. Il permet \u00e9galement de concentrer votre attention sur d\u2019\u00e9ventuels intrus susceptibles de p\u00e9n\u00e9trer furtivement en profitant de l\u2019ouverture des portes.<\/span><\/p>\n<p>&nbsp;<\/p>\n<p><span style=\"font-weight: 400;\">Associer un automatisme de portail \u00e0 des \u00e9l\u00e9ments de domotique garantit une haute s\u00e9curit\u00e9 de votre maison. Installer un digicode au portail, porte de garage et portillon pour s\u00e9curiser l\u2019acc\u00e8s<\/span><span style=\"font-weight: 400;\">\u2009<\/span><span style=\"font-weight: 400;\">; placer un interphone, voire un visiophone \u00e0 la porte d\u2019entr\u00e9e pour contr\u00f4ler les visites. Le configurateur peut m\u00eame inclure dans le centre de commande des cam\u00e9ras de s\u00e9curit\u00e9 pour s\u00e9curiser les fr\u00e9quentations de la maison pendant votre absence. La nuit, vous pourrez vous servir de la t\u00e9l\u00e9commande portail pour actionner sa fermeture ou son d\u00e9verrouillage. Ce syst\u00e8me domotique int\u00e9gral, facile \u00e0 installer, r\u00e9duit consid\u00e9rablement les cas d\u2019effraction dans votre maison.<\/span><\/p>\n<p>&nbsp;<\/p>\n<p><span style=\"font-weight: 400;\">Le syst\u00e8me de motorisation contribue \u00e9galement \u00e0 s\u00e9curiser l\u2019entourage. En effet, quel que soit le type de motorisation, des \u00e9quipements autobloquants peuvent \u00eatre employ\u00e9s pour s\u00e9curiser les phases d\u2019ouverture et de fermeture des battants et vantaux. C\u2019est le cas des photocellules, dot\u00e9es de r\u00e9cepteurs qui bloquent automatiquement le vantail en cas de d\u00e9tection d\u2019obstacle. Sans quoi, il s\u2019arr\u00eate au niveau de la but\u00e9e ou de tout autre d\u00e9tecteur plac\u00e9.<\/span><\/p>\n<\/div><\/div><div class=\"w-separator size_small\"><\/div><div class=\"w-image align_none\"><div class=\"w-image-h\"><img width=\"1024\" height=\"576\" src=\"https:\/\/www.eldo.com\/guide\/wp-content\/uploads\/2021\/09\/Table-des-matieres-\u0421ouleur-darriere-plan-e8e8e8-8-1024x576.jpg\" class=\"attachment-large size-large\" alt=\"moteur solaire portail\" srcset=\"https:\/\/www.eldo.com\/guide\/wp-content\/uploads\/2021\/09\/Table-des-matieres-\u0421ouleur-darriere-plan-e8e8e8-8-1024x576.jpg 1024w, https:\/\/www.eldo.com\/guide\/wp-content\/uploads\/2021\/09\/Table-des-matieres-\u0421ouleur-darriere-plan-e8e8e8-8-300x169.jpg 300w, https:\/\/www.eldo.com\/guide\/wp-content\/uploads\/2021\/09\/Table-des-matieres-\u0421ouleur-darriere-plan-e8e8e8-8-600x338.jpg 600w, https:\/\/www.eldo.com\/guide\/wp-content\/uploads\/2021\/09\/Table-des-matieres-\u0421ouleur-darriere-plan-e8e8e8-8-800x450.jpg 800w, https:\/\/www.eldo.com\/guide\/wp-content\/uploads\/2021\/09\/Table-des-matieres-\u0421ouleur-darriere-plan-e8e8e8-8.jpg 512w\" sizes=\"(max-width: 1024px) 100vw, 1024px\" \/><\/div><\/div><\/div><\/div><\/div><\/div><\/div><\/section><section class=\"l-section wpb_row height_auto width_full\"><div class=\"l-section-h i-cf\"><div class=\"g-cols vc_row type_boxes valign_middle gap-10px\"><style>.g-cols.gap-10px{margin:0 -10px}.gap-10px > .vc_column_container {padding:10px}<\/style><div class=\"vc_col-sm-12 wpb_column vc_column_container has-fill\"><div class=\"vc_column-inner us_custom_0d15be52\"><div class=\"wpb_wrapper\"><div \" class=\"faq_question_container\"><h2 class=\"faq_question_title\">La motorisation permet-elle de pr\u00e9server le mat\u00e9riel ?<\/h2><div class=\"faq_question_content\"><p><span style=\"font-weight: 400;\">Motoriser son portail permet d\u2019\u00e9viter des torsions sur les points de fixations et des ouvertures et fermetures des battants par \u00e0-coups. Bien r\u00e9gl\u00e9, le portail battant ou coulissant motoris\u00e9 assure une bonne long\u00e9vit\u00e9. Cela vous permet ainsi d\u2019amortir, sur une longue dur\u00e9e, votre investissement, puisqu\u2019il n\u2019y aura pas de n\u00e9cessit\u00e9 de changement fr\u00e9quent du portail. Il faudrait, n\u00e9anmoins, l\u2019entretenir convenablement. Pr\u00e9voir des batteries de secours en cas de panne serait \u00e9galement id\u00e9al. Aussi, le portail solaire est-il une bonne alternative aux pannes d\u2019\u00e9lectricit\u00e9.<\/span><\/p>\n<\/div><\/div><div class=\"w-separator size_small\"><\/div><div \" class=\"faq_question_container\"><h2 class=\"faq_question_title\">Pourquoi faire appel \u00e0 un installateur professionnel ?<\/h2><div class=\"faq_question_content\"><p><span style=\"font-weight: 400;\">La pose d\u2019un portail \u00e9lectrique peut se r\u00e9v\u00e9ler complexe et requ\u00e9rir de l\u2019exp\u00e9rience et de l\u2019expertise en \u00e9lectrom\u00e9canique. En outre, la motorisation de portail n\u00e9cessite l\u2019utilisation d\u2019outils sp\u00e9cialis\u00e9s. C\u2019est pourquoi confier cette t\u00e2che \u00e0 un installateur professionnel est plus opportun.<\/span><\/p>\n<p>&nbsp;<\/p>\n<p><span style=\"font-weight: 400;\">L\u2019appel au professionnel permet une r\u00e9duction des d\u00e9penses, contrairement \u00e0 ce que l\u2019on pense. En effet, en prenant en charge, soi-m\u00eame, les travaux d\u2019installation de portail motoris\u00e9, la TVA sur l\u2019achat des \u00e9quipements vous sera factur\u00e9e. Elle repr\u00e9sente 19 % du montant hors taxe. En contactant un sp\u00e9cialiste, la TVA est r\u00e9duite \u00e0 7 %. Savoir cela vous permettra de contr\u00f4ler votre budget.<\/span><\/p>\n<p>&nbsp;<\/p>\n<p><span style=\"font-weight: 400;\">L\u2019installateur ne se chargera pas seulement de motoriser votre portail, il pourra aussi vous conseiller et prendre en charge la personnalisation du portail. Par exemple, il pourra augmenter l\u2019esth\u00e9tisme en ajoutant des motifs au portail. Il sera \u00e9galement disponible pour un d\u00e9pannage ponctuel.<\/span><\/p>\n<\/div><\/div><div class=\"w-separator size_small\"><\/div><div class=\"w-btn-wrapper width_auto align_center\"><a class=\"w-btn us-btn-style_2\" title=\"Demander un devis\" target=\"_blank\" href=\"https:\/\/devis.eldo.com\/portails-portes-de-garage-new\/france?utm_source=SEO&amp;utm_medium=Guide&amp;utm_campaign=portail_porte-garage-portail-motorisation-pourquoi\" rel=\"noopener\"><span class=\"w-btn-label\">Demander un devis<\/span><\/a><\/div><\/div><\/div><\/div><\/div><\/div><\/section><section class=\"l-section wpb_row height_medium\"><div class=\"l-section-h i-cf\"><div class=\"g-cols vc_row type_default valign_top\"><div class=\"vc_col-sm-12 wpb_column vc_column_container\"><div class=\"vc_column-inner\"><div class=\"wpb_wrapper\"><div class=\"w-grid type_grid layout_331 cols_5 overflow_hidden\" id=\"us_grid_1\"><style id=\"us_grid_1_css\">#us_grid_1 .w-grid-item{padding:1.5rem}#us_grid_1 .w-grid-list{margin:-1.5rem}.w-grid + #us_grid_1 .w-grid-list{margin-top:1.5rem}@media (max-width:1199px){#us_grid_1 .w-grid-item{width:33.3333%}}@media (max-width:899px){#us_grid_1 .w-grid-item{width:50.0000%}}@media (max-width:599px){#us_grid_1 .w-grid-list{margin:0}#us_grid_1 .w-grid-item{width:100.0000%;padding:0;margin-bottom:1.5rem}}<\/style><style>.layout_331 .w-grid-item-h{}.layout_331 .usg_post_image_1{width:50%!important}.layout_331 .usg_vwrapper_1{width:50%!important;margin-right:0!important}.layout_331 .usg_post_title_1{color:#000000!important}@media (max-width:599px){.layout_331 .usg_post_title_1{font-size:1.2rem!important;margin-right:0!important;padding-bottom:0!important}}<\/style><div class=\"w-grid-list\" >\t<article class=\"w-grid-item size_1x1 post-1285 page type-page status-publish has-post-thumbnail hentry\" data-id=\"1285\">\r\n\t\t<div class=\"w-grid-item-h\">\r\n\t\t\t\t\t\t\t<a class=\"w-grid-item-anchor\" href=\"https:\/\/www.eldo.com\/guide\/ravalement-facade\/injonction-facade\/\" rel=\"bookmark\" aria-label=\"Injonction de ravalement de fa\u00e7ade\"><\/a>\r\n\t\t\t\t\t\t<div class=\"w-vwrapper usg_vwrapper_1 align_left valign_top\"><p class=\"w-post-elm post_title usg_post_title_1 align_center entry-title color_link_inherit has_text_color\"><a href=\"https:\/\/www.eldo.com\/guide\/ravalement-facade\/injonction-facade\/\">Injonction de ravalement de fa\u00e7ade<\/a><\/p><\/div><div class=\"w-hwrapper usg_hwrapper_1 align_left valign_top\"><div class=\"w-post-elm post_image usg_post_image_1 has_width has_ratio\"><div style=\"padding-bottom:100.0000%\"><\/div><a href=\"https:\/\/www.eldo.com\/guide\/ravalement-facade\/injonction-facade\/\" aria-label=\"Injonction de ravalement de fa\u00e7ade\"><img width=\"512\" height=\"384\" src=\"https:\/\/www.eldo.com\/guide\/wp-content\/uploads\/2020\/08\/facade-maison-colombage.jpg\" class=\"attachment-us_600_600_crop size-us_600_600_crop wp-post-image\" alt=\"ravalement de fa\u00e7ade maison colombage\" srcset=\"https:\/\/www.eldo.com\/guide\/wp-content\/uploads\/2020\/08\/facade-maison-colombage.jpg 512w, https:\/\/www.eldo.com\/guide\/wp-content\/uploads\/2020\/08\/facade-maison-colombage-300x225.jpg 300w, https:\/\/www.eldo.com\/guide\/wp-content\/uploads\/2020\/08\/facade-maison-colombage-533x400.jpg 533w\" sizes=\"(max-width: 512px) 100vw, 512px\" \/><\/a><\/div><\/div>\t\t<\/div>\r\n\t<\/article>\r\n\t<article class=\"w-grid-item size_1x1 post-1275 page type-page status-publish has-post-thumbnail hentry\" data-id=\"1275\">\r\n\t\t<div class=\"w-grid-item-h\">\r\n\t\t\t\t\t\t\t<a class=\"w-grid-item-anchor\" href=\"https:\/\/www.eldo.com\/guide\/ravalement-facade\/peinture-facade\/peinture-facade-crepi\/\" rel=\"bookmark\" aria-label=\"Peinture de fa\u00e7ade sur cr\u00e9pi\"><\/a>\r\n\t\t\t\t\t\t<div class=\"w-vwrapper usg_vwrapper_1 align_left valign_top\"><p class=\"w-post-elm post_title usg_post_title_1 align_center entry-title color_link_inherit has_text_color\"><a href=\"https:\/\/www.eldo.com\/guide\/ravalement-facade\/peinture-facade\/peinture-facade-crepi\/\">Peinture de fa\u00e7ade sur cr\u00e9pi<\/a><\/p><\/div><div class=\"w-hwrapper usg_hwrapper_1 align_left valign_top\"><div class=\"w-post-elm post_image usg_post_image_1 has_width has_ratio\"><div style=\"padding-bottom:100.0000%\"><\/div><a href=\"https:\/\/www.eldo.com\/guide\/ravalement-facade\/peinture-facade\/peinture-facade-crepi\/\" aria-label=\"Peinture de fa\u00e7ade sur cr\u00e9pi\"><img width=\"512\" height=\"384\" src=\"https:\/\/www.eldo.com\/guide\/wp-content\/uploads\/2020\/08\/ravalement_de_facades_pierrefeu-du-var_facades_du_var_-_applicateur_exclusif_vertikal_jean_claude_4.jpeg\" class=\"attachment-us_600_600_crop size-us_600_600_crop wp-post-image\" alt=\"travaux de ravalement de fa\u00e7ade\" srcset=\"https:\/\/www.eldo.com\/guide\/wp-content\/uploads\/2020\/08\/ravalement_de_facades_pierrefeu-du-var_facades_du_var_-_applicateur_exclusif_vertikal_jean_claude_4.jpeg 512w, https:\/\/www.eldo.com\/guide\/wp-content\/uploads\/2020\/08\/ravalement_de_facades_pierrefeu-du-var_facades_du_var_-_applicateur_exclusif_vertikal_jean_claude_4-300x225.jpeg 300w, https:\/\/www.eldo.com\/guide\/wp-content\/uploads\/2020\/08\/ravalement_de_facades_pierrefeu-du-var_facades_du_var_-_applicateur_exclusif_vertikal_jean_claude_4-534x400.jpeg 534w, https:\/\/www.eldo.com\/guide\/wp-content\/uploads\/2020\/08\/ravalement_de_facades_pierrefeu-du-var_facades_du_var_-_applicateur_exclusif_vertikal_jean_claude_4-800x600.jpeg 800w\" sizes=\"(max-width: 512px) 100vw, 512px\" \/><\/a><\/div><\/div>\t\t<\/div>\r\n\t<\/article>\r\n\t<article class=\"w-grid-item size_1x1 post-1272 page type-page status-publish has-post-thumbnail hentry\" data-id=\"1272\">\r\n\t\t<div class=\"w-grid-item-h\">\r\n\t\t\t\t\t\t\t<a class=\"w-grid-item-anchor\" href=\"https:\/\/www.eldo.com\/guide\/ravalement-facade\/peinture-facade\/peinture-facade-rdf\/\" rel=\"bookmark\" aria-label=\"Diff\u00e9rence peinture et ravalement de fa\u00e7ade\"><\/a>\r\n\t\t\t\t\t\t<div class=\"w-vwrapper usg_vwrapper_1 align_left valign_top\"><p class=\"w-post-elm post_title usg_post_title_1 align_center entry-title color_link_inherit has_text_color\"><a href=\"https:\/\/www.eldo.com\/guide\/ravalement-facade\/peinture-facade\/peinture-facade-rdf\/\">Diff\u00e9rence peinture et ravalement de fa\u00e7ade<\/a><\/p><\/div><div class=\"w-hwrapper usg_hwrapper_1 align_left valign_top\"><div class=\"w-post-elm post_image usg_post_image_1 has_width has_ratio\"><div style=\"padding-bottom:100.0000%\"><\/div><a href=\"https:\/\/www.eldo.com\/guide\/ravalement-facade\/peinture-facade\/peinture-facade-rdf\/\" aria-label=\"Diff\u00e9rence peinture et ravalement de fa\u00e7ade\"><img width=\"311\" height=\"207\" src=\"https:\/\/www.eldo.com\/guide\/wp-content\/uploads\/2020\/08\/raynov_conseil_et_decoration_facade_ravalement_3_46.jpg\" class=\"attachment-us_600_600_crop size-us_600_600_crop wp-post-image\" alt=\"diff\u00e9rence peinture et ravalement\" srcset=\"https:\/\/www.eldo.com\/guide\/wp-content\/uploads\/2020\/08\/raynov_conseil_et_decoration_facade_ravalement_3_46.jpg 311w, https:\/\/www.eldo.com\/guide\/wp-content\/uploads\/2020\/08\/raynov_conseil_et_decoration_facade_ravalement_3_46-300x200.jpg 300w\" sizes=\"(max-width: 311px) 100vw, 311px\" \/><\/a><\/div><\/div>\t\t<\/div>\r\n\t<\/article>\r\n\t<article class=\"w-grid-item size_1x1 post-1268 page type-page status-publish has-post-thumbnail hentry\" data-id=\"1268\">\r\n\t\t<div class=\"w-grid-item-h\">\r\n\t\t\t\t\t\t\t<a class=\"w-grid-item-anchor\" href=\"https:\/\/www.eldo.com\/guide\/ravalement-facade\/peinture-facade\/\" rel=\"bookmark\" aria-label=\"Peinture pour fa\u00e7ade\"><\/a>\r\n\t\t\t\t\t\t<div class=\"w-vwrapper usg_vwrapper_1 align_left valign_top\"><p class=\"w-post-elm post_title usg_post_title_1 align_center entry-title color_link_inherit has_text_color\"><a href=\"https:\/\/www.eldo.com\/guide\/ravalement-facade\/peinture-facade\/\">Peinture pour fa\u00e7ade<\/a><\/p><\/div><div class=\"w-hwrapper usg_hwrapper_1 align_left valign_top\"><div class=\"w-post-elm post_image usg_post_image_1 has_width has_ratio\"><div style=\"padding-bottom:100.0000%\"><\/div><a href=\"https:\/\/www.eldo.com\/guide\/ravalement-facade\/peinture-facade\/\" aria-label=\"Peinture pour fa\u00e7ade\"><img width=\"512\" height=\"288\" src=\"https:\/\/www.eldo.com\/guide\/wp-content\/uploads\/2020\/08\/CTA-RAVALEMENT-FACADE-3.png\" class=\"attachment-us_600_600_crop size-us_600_600_crop wp-post-image\" alt=\"Ravalement de fa\u00e7ade\" srcset=\"https:\/\/www.eldo.com\/guide\/wp-content\/uploads\/2020\/08\/CTA-RAVALEMENT-FACADE-3.png 512w, https:\/\/www.eldo.com\/guide\/wp-content\/uploads\/2020\/08\/CTA-RAVALEMENT-FACADE-3-300x169.png 300w, https:\/\/www.eldo.com\/guide\/wp-content\/uploads\/2020\/08\/CTA-RAVALEMENT-FACADE-3-1024x576.png 1024w, https:\/\/www.eldo.com\/guide\/wp-content\/uploads\/2020\/08\/CTA-RAVALEMENT-FACADE-3-600x338.png 600w, https:\/\/www.eldo.com\/guide\/wp-content\/uploads\/2020\/08\/CTA-RAVALEMENT-FACADE-3-800x450.png 800w\" sizes=\"(max-width: 512px) 100vw, 512px\" \/><\/a><\/div><\/div>\t\t<\/div>\r\n\t<\/article>\r\n\t<article class=\"w-grid-item size_1x1 post-1264 page type-page status-publish has-post-thumbnail hentry\" data-id=\"1264\">\r\n\t\t<div class=\"w-grid-item-h\">\r\n\t\t\t\t\t\t\t<a class=\"w-grid-item-anchor\" href=\"https:\/\/www.eldo.com\/guide\/ravalement-facade\/ite-facade\/\" rel=\"bookmark\" aria-label=\"Isolation thermique ext\u00e9rieure (ITE)\"><\/a>\r\n\t\t\t\t\t\t<div class=\"w-vwrapper usg_vwrapper_1 align_left valign_top\"><p class=\"w-post-elm post_title usg_post_title_1 align_center entry-title color_link_inherit has_text_color\"><a href=\"https:\/\/www.eldo.com\/guide\/ravalement-facade\/ite-facade\/\">Isolation thermique ext\u00e9rieure (ITE)<\/a><\/p><\/div><div class=\"w-hwrapper usg_hwrapper_1 align_left valign_top\"><div class=\"w-post-elm post_image usg_post_image_1 has_width has_ratio\"><div style=\"padding-bottom:100.0000%\"><\/div><a href=\"https:\/\/www.eldo.com\/guide\/ravalement-facade\/ite-facade\/\" aria-label=\"Isolation thermique ext\u00e9rieure (ITE)\"><img width=\"512\" height=\"337\" src=\"https:\/\/www.eldo.com\/guide\/wp-content\/uploads\/2020\/08\/perte-thermique-sans-ite.png\" class=\"attachment-us_600_600_crop size-us_600_600_crop wp-post-image\" alt=\"perte thermique ITE\" srcset=\"https:\/\/www.eldo.com\/guide\/wp-content\/uploads\/2020\/08\/perte-thermique-sans-ite.png 512w, https:\/\/www.eldo.com\/guide\/wp-content\/uploads\/2020\/08\/perte-thermique-sans-ite-300x197.png 300w\" sizes=\"(max-width: 512px) 100vw, 512px\" \/><\/a><\/div><\/div>\t\t<\/div>\r\n\t<\/article>\r\n\t<article class=\"w-grid-item size_1x1 post-1257 page type-page status-publish has-post-thumbnail hentry\" data-id=\"1257\">\r\n\t\t<div class=\"w-grid-item-h\">\r\n\t\t\t\t\t\t\t<a class=\"w-grid-item-anchor\" href=\"https:\/\/www.eldo.com\/guide\/ravalement-facade\/resine-facade\/\" rel=\"bookmark\" aria-label=\"R\u00e9sine fa\u00e7ade\"><\/a>\r\n\t\t\t\t\t\t<div class=\"w-vwrapper usg_vwrapper_1 align_left valign_top\"><p class=\"w-post-elm post_title usg_post_title_1 align_center entry-title color_link_inherit has_text_color\"><a href=\"https:\/\/www.eldo.com\/guide\/ravalement-facade\/resine-facade\/\">R\u00e9sine fa\u00e7ade<\/a><\/p><\/div><div class=\"w-hwrapper usg_hwrapper_1 align_left valign_top\"><div class=\"w-post-elm post_image usg_post_image_1 has_width has_ratio\"><div style=\"padding-bottom:100.0000%\"><\/div><a href=\"https:\/\/www.eldo.com\/guide\/ravalement-facade\/resine-facade\/\" aria-label=\"R\u00e9sine fa\u00e7ade\"><img width=\"512\" height=\"512\" src=\"https:\/\/www.eldo.com\/guide\/wp-content\/uploads\/2020\/08\/b2e6972161fc14ecfa54d5fc037d0129.jpg\" class=\"attachment-us_600_600_crop size-us_600_600_crop wp-post-image\" alt=\"R\u00e9sine de fa\u00e7ade\" srcset=\"https:\/\/www.eldo.com\/guide\/wp-content\/uploads\/2020\/08\/b2e6972161fc14ecfa54d5fc037d0129.jpg 512w, https:\/\/www.eldo.com\/guide\/wp-content\/uploads\/2020\/08\/b2e6972161fc14ecfa54d5fc037d0129-300x300.jpg 300w, https:\/\/www.eldo.com\/guide\/wp-content\/uploads\/2020\/08\/b2e6972161fc14ecfa54d5fc037d0129-150x150.jpg 150w, https:\/\/www.eldo.com\/guide\/wp-content\/uploads\/2020\/08\/b2e6972161fc14ecfa54d5fc037d0129-400x400.jpg 400w, https:\/\/www.eldo.com\/guide\/wp-content\/uploads\/2020\/08\/b2e6972161fc14ecfa54d5fc037d0129-600x600.jpg 600w\" sizes=\"(max-width: 512px) 100vw, 512px\" \/><\/a><\/div><\/div>\t\t<\/div>\r\n\t<\/article>\r\n\t<article class=\"w-grid-item size_1x1 post-1252 page type-page status-publish has-post-thumbnail hentry\" data-id=\"1252\">\r\n\t\t<div class=\"w-grid-item-h\">\r\n\t\t\t\t\t\t\t<a class=\"w-grid-item-anchor\" href=\"https:\/\/www.eldo.com\/guide\/ravalement-facade\/enduit-facade\/enduit-projete\/\" rel=\"bookmark\" aria-label=\"Enduit projet\u00e9\"><\/a>\r\n\t\t\t\t\t\t<div class=\"w-vwrapper usg_vwrapper_1 align_left valign_top\"><p class=\"w-post-elm post_title usg_post_title_1 align_center entry-title color_link_inherit has_text_color\"><a href=\"https:\/\/www.eldo.com\/guide\/ravalement-facade\/enduit-facade\/enduit-projete\/\">Enduit projet\u00e9<\/a><\/p><\/div><div class=\"w-hwrapper usg_hwrapper_1 align_left valign_top\"><div class=\"w-post-elm post_image usg_post_image_1 has_width has_ratio\"><div style=\"padding-bottom:100.0000%\"><\/div><a href=\"https:\/\/www.eldo.com\/guide\/ravalement-facade\/enduit-facade\/enduit-projete\/\" aria-label=\"Enduit projet\u00e9\"><img width=\"512\" height=\"344\" src=\"https:\/\/www.eldo.com\/guide\/wp-content\/uploads\/2020\/08\/ravalement-de-facade3.jpg\" class=\"attachment-us_600_600_crop size-us_600_600_crop wp-post-image\" alt=\"ravalement de fa\u00e7ade termin\u00e9\" srcset=\"https:\/\/www.eldo.com\/guide\/wp-content\/uploads\/2020\/08\/ravalement-de-facade3.jpg 512w, https:\/\/www.eldo.com\/guide\/wp-content\/uploads\/2020\/08\/ravalement-de-facade3-300x202.jpg 300w, https:\/\/www.eldo.com\/guide\/wp-content\/uploads\/2020\/08\/ravalement-de-facade3-596x400.jpg 596w\" sizes=\"(max-width: 512px) 100vw, 512px\" \/><\/a><\/div><\/div>\t\t<\/div>\r\n\t<\/article>\r\n\t<article class=\"w-grid-item size_1x1 post-1243 page type-page status-publish has-post-thumbnail hentry\" data-id=\"1243\">\r\n\t\t<div class=\"w-grid-item-h\">\r\n\t\t\t\t\t\t\t<a class=\"w-grid-item-anchor\" href=\"https:\/\/www.eldo.com\/guide\/ravalement-facade\/enduit-facade\/enduit-gratte\/\" rel=\"bookmark\" aria-label=\"Enduit gratt\u00e9\"><\/a>\r\n\t\t\t\t\t\t<div class=\"w-vwrapper usg_vwrapper_1 align_left valign_top\"><p class=\"w-post-elm post_title usg_post_title_1 align_center entry-title color_link_inherit has_text_color\"><a href=\"https:\/\/www.eldo.com\/guide\/ravalement-facade\/enduit-facade\/enduit-gratte\/\">Enduit gratt\u00e9<\/a><\/p><\/div><div class=\"w-hwrapper usg_hwrapper_1 align_left valign_top\"><div class=\"w-post-elm post_image usg_post_image_1 has_width has_ratio\"><div style=\"padding-bottom:100.0000%\"><\/div><a href=\"https:\/\/www.eldo.com\/guide\/ravalement-facade\/enduit-facade\/enduit-gratte\/\" aria-label=\"Enduit gratt\u00e9\"><img width=\"512\" height=\"288\" src=\"https:\/\/www.eldo.com\/guide\/wp-content\/uploads\/2020\/08\/CTA-RAVALEMENT-FACADE-2.png\" class=\"attachment-us_600_600_crop size-us_600_600_crop wp-post-image\" alt=\"pr\u00e9paration avant ravalement\" srcset=\"https:\/\/www.eldo.com\/guide\/wp-content\/uploads\/2020\/08\/CTA-RAVALEMENT-FACADE-2.png 512w, https:\/\/www.eldo.com\/guide\/wp-content\/uploads\/2020\/08\/CTA-RAVALEMENT-FACADE-2-300x169.png 300w, https:\/\/www.eldo.com\/guide\/wp-content\/uploads\/2020\/08\/CTA-RAVALEMENT-FACADE-2-1024x576.png 1024w, https:\/\/www.eldo.com\/guide\/wp-content\/uploads\/2020\/08\/CTA-RAVALEMENT-FACADE-2-600x338.png 600w, https:\/\/www.eldo.com\/guide\/wp-content\/uploads\/2020\/08\/CTA-RAVALEMENT-FACADE-2-800x450.png 800w\" sizes=\"(max-width: 512px) 100vw, 512px\" \/><\/a><\/div><\/div>\t\t<\/div>\r\n\t<\/article>\r\n\t<article class=\"w-grid-item size_1x1 post-1236 page type-page status-publish has-post-thumbnail hentry\" data-id=\"1236\">\r\n\t\t<div class=\"w-grid-item-h\">\r\n\t\t\t\t\t\t\t<a class=\"w-grid-item-anchor\" href=\"https:\/\/www.eldo.com\/guide\/ravalement-facade\/enduit-facade\/\" rel=\"bookmark\" aria-label=\"Enduit pour fa\u00e7ade\"><\/a>\r\n\t\t\t\t\t\t<div class=\"w-vwrapper usg_vwrapper_1 align_left valign_top\"><p class=\"w-post-elm post_title usg_post_title_1 align_center entry-title color_link_inherit has_text_color\"><a href=\"https:\/\/www.eldo.com\/guide\/ravalement-facade\/enduit-facade\/\">Enduit pour fa\u00e7ade<\/a><\/p><\/div><div class=\"w-hwrapper usg_hwrapper_1 align_left valign_top\"><div class=\"w-post-elm post_image usg_post_image_1 has_width has_ratio\"><div style=\"padding-bottom:100.0000%\"><\/div><a href=\"https:\/\/www.eldo.com\/guide\/ravalement-facade\/enduit-facade\/\" aria-label=\"Enduit pour fa\u00e7ade\"><img width=\"512\" height=\"288\" src=\"https:\/\/www.eldo.com\/guide\/wp-content\/uploads\/2020\/08\/CTA-RAVALEMENT-FACADE-3.png\" class=\"attachment-us_600_600_crop size-us_600_600_crop wp-post-image\" alt=\"Ravalement de fa\u00e7ade\" srcset=\"https:\/\/www.eldo.com\/guide\/wp-content\/uploads\/2020\/08\/CTA-RAVALEMENT-FACADE-3.png 512w, https:\/\/www.eldo.com\/guide\/wp-content\/uploads\/2020\/08\/CTA-RAVALEMENT-FACADE-3-300x169.png 300w, https:\/\/www.eldo.com\/guide\/wp-content\/uploads\/2020\/08\/CTA-RAVALEMENT-FACADE-3-1024x576.png 1024w, https:\/\/www.eldo.com\/guide\/wp-content\/uploads\/2020\/08\/CTA-RAVALEMENT-FACADE-3-600x338.png 600w, https:\/\/www.eldo.com\/guide\/wp-content\/uploads\/2020\/08\/CTA-RAVALEMENT-FACADE-3-800x450.png 800w\" sizes=\"(max-width: 512px) 100vw, 512px\" \/><\/a><\/div><\/div>\t\t<\/div>\r\n\t<\/article>\r\n<\/div><div class=\"w-grid-preloader\"><div class=\"g-preloader type_1\">\r\n\t<div><\/div>\r\n<\/div>\r\n<\/div>\t<div class=\"w-grid-json hidden\" onclick='return {&quot;action&quot;:&quot;us_ajax_grid&quot;,&quot;ajax_url&quot;:&quot;https:\\\/\\\/www.eldo.com\\\/guide\\\/wp-admin\\\/admin-ajax.php&quot;,&quot;infinite_scroll&quot;:0,&quot;max_num_pages&quot;:1,&quot;pagination&quot;:&quot;none&quot;,&quot;permalink_url&quot;:&quot;https:\\\/\\\/www.eldo.com\\\/guide\\\/wp-json\\\/wp\\\/v2\\\/pages\\\/5100&quot;,&quot;template_vars&quot;:{&quot;columns&quot;:&quot;5&quot;,&quot;exclude_items&quot;:&quot;none&quot;,&quot;img_size&quot;:&quot;default&quot;,&quot;ignore_items_size&quot;:false,&quot;items_layout&quot;:&quot;331&quot;,&quot;items_offset&quot;:&quot;1&quot;,&quot;load_animation&quot;:&quot;none&quot;,&quot;overriding_link&quot;:&quot;post&quot;,&quot;post_id&quot;:5100,&quot;query_args&quot;:{&quot;ignore_sticky_posts&quot;:1,&quot;post_type&quot;:&quot;any&quot;,&quot;post__in&quot;:[&quot;1195&quot;,&quot;1285&quot;,&quot;1275&quot;,&quot;1272&quot;,&quot;1268&quot;,&quot;1264&quot;,&quot;1257&quot;,&quot;1252&quot;,&quot;1243&quot;,&quot;1236&quot;],&quot;posts_per_page&quot;:&quot;10&quot;},&quot;orderby_query_args&quot;:{&quot;orderby&quot;:{&quot;date&quot;:&quot;DESC&quot;}},&quot;type&quot;:&quot;grid&quot;,&quot;us_grid_ajax_index&quot;:1,&quot;us_grid_filter_params&quot;:null,&quot;us_grid_index&quot;:1,&quot;_us_grid_post_type&quot;:&quot;ids&quot;}}'><\/div>\r\n\t<\/div><\/div><\/div><\/div><\/div><\/div><\/section><section class=\"l-section wpb_row us_custom_e91755c2 height_auto width_full with_overlay\"><div class=\"l-section-overlay\" style=\"background: #ebebeb\"><\/div><div class=\"l-section-h i-cf\"><div class=\"g-cols vc_row type_boxes valign_middle\"><div class=\"vc_col-sm-12 wpb_column vc_column_container has-fill\"><div class=\"vc_column-inner us_custom_6c6248ed\"><div class=\"wpb_wrapper\"><h2 class=\"w-itext us_custom_6df4bc3a type_typingChars align_center\" onclick='return {&quot;duration&quot;:300,&quot;delay&quot;:2000,&quot;disablePartAnimation&quot;:false,&quot;dynamicColor&quot;:&quot;#ffffff&quot;,&quot;html_nbsp_char&quot;:true}'>Je\u00a0cherche\u00a0un\u00a0pro\u00a0\u00e0\u00a0<span class=\"w-itext-part changesat_0 changesat_1 changesat_2 changesat_3 changesat_4 dynamic\" style=\"color:#ffffff\" onclick='return [&quot;Bordeaux&quot;,&quot;Toulouse&quot;,&quot;Paris&quot;,&quot;Nantes&quot;,&quot;Marseille&quot;]'><span>Bordeaux<\/span><i class=\"w-itext-cursor\"><\/i><\/span><\/h2><div class=\"w-separator size_small\"><\/div><div class=\"w-btn-wrapper width_auto align_center\"><a class=\"w-btn us-btn-style_2\" title=\"Demander un devis\" target=\"_blank\" href=\"https:\/\/devis.eldo.com\/portails-portes-de-garage-new\/france?utm_source=SEO&amp;utm_medium=Guide&amp;utm_campaign=portail_porte-garage-portail-motorisation-pourquoi\" rel=\"noopener\"><span class=\"w-btn-label\">Trouver un pro de confiance<\/span><\/a><\/div><\/div><\/div><\/div><\/div><\/div><\/section>\n","protected":false},"excerpt":{"rendered":"Quel enduit choisir pour votre fa\u00e7ade ? Guides travauxPagesDans le cadre d\u2019un ravalement de fa\u00e7ade, le choix de l\u2019enduit utilis\u00e9 d\u00e9finit l\u2019aspect ext\u00e9rieur du b\u00e2timent. Entre enduit d\u00e9coratif, enduit mono-couche, ou simple enduit de finition, difficile d\u2019y voir clair. Quels sont les avantages de l&#039;enduit de parement ?L\u2019enduit de parement organique permet un large choix...","protected":false},"author":3,"featured_media":5169,"parent":5080,"menu_order":0,"comment_status":"closed","ping_status":"closed","template":"","meta":[],"page_tags":[],"_links":{"self":[{"href":"https:\/\/www.eldo.com\/guide\/wp-json\/wp\/v2\/pages\/5100"}],"collection":[{"href":"https:\/\/www.eldo.com\/guide\/wp-json\/wp\/v2\/pages"}],"about":[{"href":"https:\/\/www.eldo.com\/guide\/wp-json\/wp\/v2\/types\/page"}],"author":[{"embeddable":true,"href":"https:\/\/www.eldo.com\/guide\/wp-json\/wp\/v2\/users\/3"}],"replies":[{"embeddable":true,"href":"https:\/\/www.eldo.com\/guide\/wp-json\/wp\/v2\/comments?post=5100"}],"version-history":[{"count":9,"href":"https:\/\/www.eldo.com\/guide\/wp-json\/wp\/v2\/pages\/5100\/revisions"}],"predecessor-version":[{"id":10665,"href":"https:\/\/www.eldo.com\/guide\/wp-json\/wp\/v2\/pages\/5100\/revisions\/10665"}],"up":[{"embeddable":true,"href":"https:\/\/www.eldo.com\/guide\/wp-json\/wp\/v2\/pages\/5080"}],"wp:featuredmedia":[{"embeddable":true,"href":"https:\/\/www.eldo.com\/guide\/wp-json\/wp\/v2\/media\/5169"}],"wp:attachment":[{"href":"https:\/\/www.eldo.com\/guide\/wp-json\/wp\/v2\/media?parent=5100"}],"wp:term":[{"taxonomy":"page_tags","embeddable":true,"href":"https:\/\/www.eldo.com\/guide\/wp-json\/wp\/v2\/page_tags?post=5100"}],"curies":[{"name":"wp","href":"https:\/\/api.w.org\/{rel}","templated":true}]}}