{"id":5090,"date":"2021-08-27T09:09:55","date_gmt":"2021-08-27T09:09:55","guid":{"rendered":"https:\/\/www.eldo.com\/guide\/?page_id=5090"},"modified":"2023-11-22T13:05:09","modified_gmt":"2023-11-22T13:05:09","slug":"portail-aluminium","status":"publish","type":"page","link":"https:\/\/www.eldo.com\/guide\/portail\/aluminium","title":{"rendered":"Portail aluminium"},"content":{"rendered":"<section class=\"l-section wpb_row us_custom_e91755c2 height_auto width_full with_overlay\"><div class=\"l-section-overlay\" style=\"background: #ffffff\"><\/div><div class=\"l-section-h i-cf\"><div class=\"g-cols vc_row type_boxes valign_middle gap-10px\"><style>.g-cols.gap-10px{margin:0 -10px}.gap-10px > .vc_column_container {padding:10px}<\/style><div class=\"vc_col-sm-12 wpb_column vc_column_container has-fill has_text_color\"><div class=\"vc_column-inner us_custom_814b9a5b\"><div class=\"wpb_wrapper\"><div class=\"wpb_text_column us_custom_08d2243f has_text_color\" ><div class=\"wpb_wrapper\"><h1 style=\"text-align: center;\"><span style=\"font-weight: 400;\">Pourquoi choisir un portail en aluminium\u2009?<\/span><\/h1>\n<\/div><\/div><div class=\"w-separator size_medium\"><\/div><ol class=\"g-breadcrumbs us_custom_6df4bc3a separator_icon align_left has_text_color\"><li class=\"g-breadcrumbs-item\"><a href=\"https:\/\/www.eldo.com\/guide\/\">Guides travaux<\/a><meta content=\"1\"\/><\/li><li class=\"g-breadcrumbs-separator\"><i class=\"far fa-angle-right\"><\/i><\/li><li class=\"g-breadcrumbs-item\">Pages<\/li><\/ol><\/div><\/div><\/div><\/div><\/div><\/section><section class=\"l-section wpb_row us_custom_e91755c2 height_auto width_full with_overlay\"><div class=\"l-section-overlay\" style=\"background: #ffffff\"><\/div><div class=\"l-section-h i-cf\"><div class=\"g-cols vc_row type_boxes valign_middle gap-10px\"><style>.g-cols.gap-10px{margin:0 -10px}.gap-10px > .vc_column_container {padding:10px}<\/style><div class=\"vc_col-sm-12 wpb_column vc_column_container has_text_color\"><div class=\"vc_column-inner us_custom_9244d452\"><div class=\"wpb_wrapper\"><div class=\"wpb_text_column us_custom_08d2243f has_text_color\" ><div class=\"wpb_wrapper\">\n<\/div><\/div><div class=\"wpb_text_column us_custom_1eefa3cd has_text_color\" ><div class=\"wpb_wrapper\"><p><span style=\"font-weight: 400;\">Le choix de son portail doit \u00eatre bien fait pour apporter \u00e0 sa maison un design agr\u00e9able. Il existe diff\u00e9rents mat\u00e9riaux permettant d\u2019installer son portail. Portail en bois, portail en fer forg\u00e9, voire en acier, <a href=\"https:\/\/www.eldo.com\/guide\/portail\/pvc\">portail en PVC<\/a> ou encore portail en alu. Ce dernier fait sensation sur le march\u00e9. L\u2019avantage de la modernit\u00e9 est loin d\u2019\u00eatre le seul atout du portail alu. Trouvez ici toutes les raisons incitant \u00e0 installer un portail alu.<\/span><\/p>\n<\/div><\/div><\/div><\/div><\/div><\/div><\/div><\/section><section class=\"l-section wpb_row height_auto width_full\"><div class=\"l-section-h i-cf\"><div class=\"g-cols vc_row type_boxes valign_middle gap-10px\"><style>.g-cols.gap-10px{margin:0 -10px}.gap-10px > .vc_column_container {padding:10px}<\/style><div class=\"vc_col-sm-6 wpb_column vc_column_container has-fill\"><div class=\"vc_column-inner us_custom_e4eb24e1\"><div class=\"wpb_wrapper\"><div \" class=\"faq_question_container\"><h2 class=\"faq_question_title\">Quelles sont les atouts et contraintes du portail en aluminium ?<\/h2><div class=\"faq_question_content\"><p><span style=\"font-weight: 400;\">L\u2019aluminium est un m\u00e9tal aussi bien robuste que l\u00e9ger. Sa bonne r\u00e9sistance \u00e0 l\u2019oxydation fait qu\u2019il ne rouille pas. Ces crit\u00e8res lui conf\u00e8rent des atouts, mais \u00e9galement des inconv\u00e9nients.<\/span><\/p>\n<h3><span style=\"font-weight: 400;\">Les avantages de l\u2019installation d\u2019un portail alu<\/span><\/h3>\n<p><span style=\"font-weight: 400;\">Le principal atout d\u2019un portail alu est sa grande qualit\u00e9 qui lui permet de se pr\u00eater \u00e0 toute sorte d\u2019exigences. En effet, il y a une large gamme de styles possibles, du plus conventionnel au plus excentrique, sans oublier les mod\u00e8les d\u2019une cr\u00e9ativit\u00e9 relevant du domaine artistique. Coulissants sur des rails ou autoport\u00e9s sur des cr\u00e9maill\u00e8res, le portail alu motoris\u00e9 est un excellent choix, car il se marie parfaitement avec la cl\u00f4ture.<\/span><\/p>\n<p><span style=\"font-weight: 400;\">La fabrication de portail alu peut sembler aussi simple que des travaux de menuiserie sur bois. Cela est d\u00fb \u00e0 la bonne mall\u00e9abilit\u00e9 de feuille de t\u00f4le alu qui permet de confectionner facilement les pi\u00e8ces pour les finitions. Gonds, galets, profil\u00e9s peuvent \u00eatre produits en respectant autant la sobri\u00e9t\u00e9 que l\u2019extravagance. C\u2019est pareil pour la confection de meneau au coloris divers. Pour plus d\u2019inspiration pour la fabrication sur mesure de vos portails alu, coulissants ou battants, vous pourrez visiter les show-rooms des usines de fabrication de portails. Vous pourrez \u00e9galement y passer votre commande.<\/span><\/p>\n<p><span style=\"font-weight: 400;\">Ainsi, la personnalisation de son portail alu est des plus ais\u00e9es. Des vantaux ajour\u00e9s pour les portillons, un remplissage complet ou un barreaudage en guise de brise vue ou m\u00eame une porte de garage avec un type d\u2019ouverture unique. Autant de possibilit\u00e9s que l\u2019on peut imaginer pour l\u2019esth\u00e9tisme.<\/span><\/p>\n<p><span style=\"font-weight: 400;\">Ensuite, contrairement aux <a href=\"https:\/\/www.eldo.com\/guide\/portail\/fer\">portails en fer<\/a> ou aux <a href=\"https:\/\/www.eldo.com\/guide\/portail\/bois\">portails en bois<\/a> qui n\u00e9cessitent de l\u2019antirouille, des pon\u00e7ages et des bichonnages r\u00e9guliers, le portail alu ne demande aucun entretien particulier. Entretenir son portail alu n\u2019est pas du tout chronophage et ne demande pas d\u2019effort suppl\u00e9mentaire. Passer un coup de chiffon mouill\u00e9 dans de l\u2019eau claire chaque semestre est largement suffisant.<\/span><\/p>\n<p><span style=\"font-weight: 400;\">Le portail alu supporte mieux les intemp\u00e9ries que les autres mod\u00e8les de portails, notamment ceux en inox. Aussi, faut-il pr\u00e9voir un peu d\u2019huile pour graisser les \u00e9l\u00e9ments pivotants. Des mod\u00e8les de portail alu sont thermo laqu\u00e9 ou galvanis\u00e9, n\u00e9cessitant encore <a href=\"https:\/\/www.eldo.com\/guide\/portail\/entretien\">peu d\u2019entretien.<\/a><\/span><\/p>\n<p><span style=\"font-weight: 400;\">Enfin, la l\u00e9g\u00e8ret\u00e9 des t\u00f4les d\u2019aluminium conf\u00e8re bien des atouts \u00e0 un portail alu coulissant. Elle assure une meilleure long\u00e9vit\u00e9 \u00e0 son syst\u00e8me de motorisation. De plus, elle optimise la domotique, car elle augmente la rapidit\u00e9 d\u2019ouverture. Plus de longues attentes apr\u00e8s avoir actionn\u00e9 la t\u00e9l\u00e9commande. C\u2019est cette qualit\u00e9 qui fait du portail alu le conseil num\u00e9ro 1 des fabricants de portails pour l\u2019installation d\u2019un syst\u00e8me autoportant. En installant \u00e0 la porte d\u2019entr\u00e9e un visiophone, un digicode ou un simple interphone, vous compl\u00e8terez votre automatisme de portail.<\/span><\/p>\n<h3><span style=\"font-weight: 400;\">Les contraintes du portail alu<\/span><\/h3>\n<p><span style=\"font-weight: 400;\">Si d\u2019autres m\u00e9taux n\u2019ont pas \u00e9t\u00e9 combin\u00e9s avec votre portail alu, lors de sa fabrication, il peut \u00eatre moins r\u00e9sistant. Le portail pr\u00e9sentera facilement des bosselages et des d\u00e9formations en cas de chocs et pressions surtout au niveau de la partie basse. Une porte d\u2019entr\u00e9e endommag\u00e9e n\u00e9cessite plus de d\u00e9gagement dans son champ d\u2019ouverture, et les fermetures deviendront compliqu\u00e9es.<\/span><\/p>\n<\/div><\/div><div class=\"w-separator size_small\"><\/div><div class=\"w-btn-wrapper width_auto align_center\"><a class=\"w-btn us-btn-style_2\" title=\"Demander un devis\" target=\"_blank\" href=\"https:\/\/devis.eldo.com\/portails-portes-de-garage-new\/france?utm_source=SEO&amp;utm_medium=Guide&amp;utm_campaign=portail_porte-garage-portail-aluminium-choisir\" rel=\"noopener\"><span class=\"w-btn-label\">Expliquer mon projet<\/span><\/a><\/div><\/div><\/div><\/div><div class=\"vc_col-sm-6 wpb_column vc_column_container\"><div class=\"vc_column-inner\"><div class=\"wpb_wrapper\"><div class=\"w-image align_none\"><div class=\"w-image-h\"><img width=\"1024\" height=\"576\" src=\"https:\/\/www.eldo.com\/guide\/wp-content\/uploads\/2021\/09\/Table-des-matieres-\u0421ouleur-darriere-plan-e8e8e8-20-1024x576.jpg\" class=\"attachment-large size-large\" alt=\"portail en aluminium 2\" srcset=\"https:\/\/www.eldo.com\/guide\/wp-content\/uploads\/2021\/09\/Table-des-matieres-\u0421ouleur-darriere-plan-e8e8e8-20-1024x576.jpg 1024w, https:\/\/www.eldo.com\/guide\/wp-content\/uploads\/2021\/09\/Table-des-matieres-\u0421ouleur-darriere-plan-e8e8e8-20-300x169.jpg 300w, https:\/\/www.eldo.com\/guide\/wp-content\/uploads\/2021\/09\/Table-des-matieres-\u0421ouleur-darriere-plan-e8e8e8-20-600x338.jpg 600w, https:\/\/www.eldo.com\/guide\/wp-content\/uploads\/2021\/09\/Table-des-matieres-\u0421ouleur-darriere-plan-e8e8e8-20-800x450.jpg 800w, https:\/\/www.eldo.com\/guide\/wp-content\/uploads\/2021\/09\/Table-des-matieres-\u0421ouleur-darriere-plan-e8e8e8-20.jpg 512w\" sizes=\"(max-width: 1024px) 100vw, 1024px\" \/><\/div><\/div><div class=\"w-separator size_small\"><\/div><div \" class=\"faq_question_container\"><h2 class=\"faq_question_title\">Quel est le prix d\u2019un portail en aluminium ?<\/h2><div class=\"faq_question_content\"><p><span style=\"font-weight: 400;\">Le prix moyen d\u2019un portail alu tourne autour de 400 et 1000 \u20ac. Mais en fonction du type de portail, de sa technique d\u2019assemblage et de son degr\u00e9 de finition, ce prix moyen peut \u00eatre largement d\u00e9pass\u00e9. Aussi, faut-il pr\u00e9voir un surco\u00fbt pour sa pose.<\/span><\/p>\n<h3><span style=\"font-weight: 400;\">Les diff\u00e9rents prix possibles d\u2019un portail alu<\/span><\/h3>\n<p><span style=\"font-weight: 400;\">Le portail alu coulissant est relativement plus cher que le portail battant en aluminium. Les mod\u00e8les d\u2019entr\u00e9e de gamme des portails coulissants en aluminium oscillent entre 1300 et 1600 \u20ac, et vous en trouverez des moyens de gamme pour 2000 \u00e0 3000 \u20ac. Le portail alu \u00e0 battant le plus r\u00e9pandu est disponible \u00e0 un <a href=\"https:\/\/www.eldo.com\/guide\/portail\/prix\">prix<\/a> compris entre 500 et 3000 \u20ac.<\/span><\/p>\n<h3><span style=\"font-weight: 400;\">Le co\u00fbt de la pose d\u2019un portail alu<\/span><\/h3>\n<p><span style=\"font-weight: 400;\">La pose d\u2019un portail alu n\u2019est gratuite que si vous le faites vous-m\u00eame. En plus, cela requiert une bonne pr\u00e9cision et du savoir-faire. Pour la pose de votre portail alu par un professionnel, pr\u00e9voyez un budget compris entre 500 et 1000 \u20ac.<\/span><\/p>\n<\/div><\/div><div class=\"w-separator size_small\"><\/div><div \" class=\"faq_question_container\"><h2 class=\"faq_question_title\">Pourquoi faire appel \u00e0 un installateur professionnel<\/h2><div class=\"faq_question_content\"><p><span style=\"font-weight: 400;\">Si vous n\u2019avez pas les comp\u00e9tences n\u00e9cessaires, il est toujours pr\u00e9f\u00e9rable de contacter un installateur professionnel au lieu de vous lancer dans une telle entreprise. D\u00e9l\u00e9guer la pose de votre portail alu \u00e0 un installateur professionnel, vous donne l\u2019assurance d\u2019une pose impeccable et faite dans les r\u00e8gles de l\u2019art. Pour la pose d\u2019un portail alu coulissant surtout, il est mieux indiqu\u00e9 de contacter un installateur.<\/span><\/p>\n<\/div><\/div><\/div><\/div><\/div><\/div><\/div><\/section><section class=\"l-section wpb_row height_medium\"><div class=\"l-section-h i-cf\"><div class=\"g-cols vc_row type_default valign_top\"><div class=\"vc_col-sm-12 wpb_column vc_column_container\"><div class=\"vc_column-inner\"><div class=\"wpb_wrapper\"><div class=\"w-grid type_grid layout_331 cols_5 overflow_hidden\" id=\"us_grid_1\"><style id=\"us_grid_1_css\">#us_grid_1 .w-grid-item{padding:1.5rem}#us_grid_1 .w-grid-list{margin:-1.5rem}.w-grid + #us_grid_1 .w-grid-list{margin-top:1.5rem}@media (max-width:1199px){#us_grid_1 .w-grid-item{width:33.3333%}}@media (max-width:899px){#us_grid_1 .w-grid-item{width:50.0000%}}@media (max-width:599px){#us_grid_1 .w-grid-list{margin:0}#us_grid_1 .w-grid-item{width:100.0000%;padding:0;margin-bottom:1.5rem}}<\/style><style>.layout_331 .w-grid-item-h{}.layout_331 .usg_post_image_1{width:50%!important}.layout_331 .usg_vwrapper_1{width:50%!important;margin-right:0!important}.layout_331 .usg_post_title_1{color:#000000!important}@media (max-width:599px){.layout_331 .usg_post_title_1{font-size:1.2rem!important;margin-right:0!important;padding-bottom:0!important}}<\/style><div class=\"w-grid-list\" >\t<article class=\"w-grid-item size_1x1 post-1285 page type-page status-publish has-post-thumbnail hentry\" data-id=\"1285\">\r\n\t\t<div class=\"w-grid-item-h\">\r\n\t\t\t\t\t\t\t<a class=\"w-grid-item-anchor\" href=\"https:\/\/www.eldo.com\/guide\/ravalement-facade\/injonction-facade\/\" rel=\"bookmark\" aria-label=\"Injonction de ravalement de fa\u00e7ade\"><\/a>\r\n\t\t\t\t\t\t<div class=\"w-vwrapper usg_vwrapper_1 align_left valign_top\"><p class=\"w-post-elm post_title usg_post_title_1 align_center entry-title color_link_inherit has_text_color\"><a href=\"https:\/\/www.eldo.com\/guide\/ravalement-facade\/injonction-facade\/\">Injonction de ravalement de fa\u00e7ade<\/a><\/p><\/div><div class=\"w-hwrapper usg_hwrapper_1 align_left valign_top\"><div class=\"w-post-elm post_image usg_post_image_1 has_width has_ratio\"><div style=\"padding-bottom:100.0000%\"><\/div><a href=\"https:\/\/www.eldo.com\/guide\/ravalement-facade\/injonction-facade\/\" aria-label=\"Injonction de ravalement de fa\u00e7ade\"><img width=\"512\" height=\"384\" src=\"https:\/\/www.eldo.com\/guide\/wp-content\/uploads\/2020\/08\/facade-maison-colombage.jpg\" class=\"attachment-us_600_600_crop size-us_600_600_crop wp-post-image\" alt=\"ravalement de fa\u00e7ade maison colombage\" srcset=\"https:\/\/www.eldo.com\/guide\/wp-content\/uploads\/2020\/08\/facade-maison-colombage.jpg 512w, https:\/\/www.eldo.com\/guide\/wp-content\/uploads\/2020\/08\/facade-maison-colombage-300x225.jpg 300w, https:\/\/www.eldo.com\/guide\/wp-content\/uploads\/2020\/08\/facade-maison-colombage-533x400.jpg 533w\" sizes=\"(max-width: 512px) 100vw, 512px\" \/><\/a><\/div><\/div>\t\t<\/div>\r\n\t<\/article>\r\n\t<article class=\"w-grid-item size_1x1 post-1275 page type-page status-publish has-post-thumbnail hentry\" data-id=\"1275\">\r\n\t\t<div class=\"w-grid-item-h\">\r\n\t\t\t\t\t\t\t<a class=\"w-grid-item-anchor\" href=\"https:\/\/www.eldo.com\/guide\/ravalement-facade\/peinture-facade\/peinture-facade-crepi\/\" rel=\"bookmark\" aria-label=\"Peinture de fa\u00e7ade sur cr\u00e9pi\"><\/a>\r\n\t\t\t\t\t\t<div class=\"w-vwrapper usg_vwrapper_1 align_left valign_top\"><p class=\"w-post-elm post_title usg_post_title_1 align_center entry-title color_link_inherit has_text_color\"><a href=\"https:\/\/www.eldo.com\/guide\/ravalement-facade\/peinture-facade\/peinture-facade-crepi\/\">Peinture de fa\u00e7ade sur cr\u00e9pi<\/a><\/p><\/div><div class=\"w-hwrapper usg_hwrapper_1 align_left valign_top\"><div class=\"w-post-elm post_image usg_post_image_1 has_width has_ratio\"><div style=\"padding-bottom:100.0000%\"><\/div><a href=\"https:\/\/www.eldo.com\/guide\/ravalement-facade\/peinture-facade\/peinture-facade-crepi\/\" aria-label=\"Peinture de fa\u00e7ade sur cr\u00e9pi\"><img width=\"512\" height=\"384\" src=\"https:\/\/www.eldo.com\/guide\/wp-content\/uploads\/2020\/08\/ravalement_de_facades_pierrefeu-du-var_facades_du_var_-_applicateur_exclusif_vertikal_jean_claude_4.jpeg\" class=\"attachment-us_600_600_crop size-us_600_600_crop wp-post-image\" alt=\"travaux de ravalement de fa\u00e7ade\" srcset=\"https:\/\/www.eldo.com\/guide\/wp-content\/uploads\/2020\/08\/ravalement_de_facades_pierrefeu-du-var_facades_du_var_-_applicateur_exclusif_vertikal_jean_claude_4.jpeg 512w, https:\/\/www.eldo.com\/guide\/wp-content\/uploads\/2020\/08\/ravalement_de_facades_pierrefeu-du-var_facades_du_var_-_applicateur_exclusif_vertikal_jean_claude_4-300x225.jpeg 300w, https:\/\/www.eldo.com\/guide\/wp-content\/uploads\/2020\/08\/ravalement_de_facades_pierrefeu-du-var_facades_du_var_-_applicateur_exclusif_vertikal_jean_claude_4-534x400.jpeg 534w, https:\/\/www.eldo.com\/guide\/wp-content\/uploads\/2020\/08\/ravalement_de_facades_pierrefeu-du-var_facades_du_var_-_applicateur_exclusif_vertikal_jean_claude_4-800x600.jpeg 800w\" sizes=\"(max-width: 512px) 100vw, 512px\" \/><\/a><\/div><\/div>\t\t<\/div>\r\n\t<\/article>\r\n\t<article class=\"w-grid-item size_1x1 post-1272 page type-page status-publish has-post-thumbnail hentry\" data-id=\"1272\">\r\n\t\t<div class=\"w-grid-item-h\">\r\n\t\t\t\t\t\t\t<a class=\"w-grid-item-anchor\" href=\"https:\/\/www.eldo.com\/guide\/ravalement-facade\/peinture-facade\/peinture-facade-rdf\/\" rel=\"bookmark\" aria-label=\"Diff\u00e9rence peinture et ravalement de fa\u00e7ade\"><\/a>\r\n\t\t\t\t\t\t<div class=\"w-vwrapper usg_vwrapper_1 align_left valign_top\"><p class=\"w-post-elm post_title usg_post_title_1 align_center entry-title color_link_inherit has_text_color\"><a href=\"https:\/\/www.eldo.com\/guide\/ravalement-facade\/peinture-facade\/peinture-facade-rdf\/\">Diff\u00e9rence peinture et ravalement de fa\u00e7ade<\/a><\/p><\/div><div class=\"w-hwrapper usg_hwrapper_1 align_left valign_top\"><div class=\"w-post-elm post_image usg_post_image_1 has_width has_ratio\"><div style=\"padding-bottom:100.0000%\"><\/div><a href=\"https:\/\/www.eldo.com\/guide\/ravalement-facade\/peinture-facade\/peinture-facade-rdf\/\" aria-label=\"Diff\u00e9rence peinture et ravalement de fa\u00e7ade\"><img width=\"311\" height=\"207\" src=\"https:\/\/www.eldo.com\/guide\/wp-content\/uploads\/2020\/08\/raynov_conseil_et_decoration_facade_ravalement_3_46.jpg\" class=\"attachment-us_600_600_crop size-us_600_600_crop wp-post-image\" alt=\"diff\u00e9rence peinture et ravalement\" srcset=\"https:\/\/www.eldo.com\/guide\/wp-content\/uploads\/2020\/08\/raynov_conseil_et_decoration_facade_ravalement_3_46.jpg 311w, https:\/\/www.eldo.com\/guide\/wp-content\/uploads\/2020\/08\/raynov_conseil_et_decoration_facade_ravalement_3_46-300x200.jpg 300w\" sizes=\"(max-width: 311px) 100vw, 311px\" \/><\/a><\/div><\/div>\t\t<\/div>\r\n\t<\/article>\r\n\t<article class=\"w-grid-item size_1x1 post-1268 page type-page status-publish has-post-thumbnail hentry\" data-id=\"1268\">\r\n\t\t<div class=\"w-grid-item-h\">\r\n\t\t\t\t\t\t\t<a class=\"w-grid-item-anchor\" href=\"https:\/\/www.eldo.com\/guide\/ravalement-facade\/peinture-facade\/\" rel=\"bookmark\" aria-label=\"Peinture pour fa\u00e7ade\"><\/a>\r\n\t\t\t\t\t\t<div class=\"w-vwrapper usg_vwrapper_1 align_left valign_top\"><p class=\"w-post-elm post_title usg_post_title_1 align_center entry-title color_link_inherit has_text_color\"><a href=\"https:\/\/www.eldo.com\/guide\/ravalement-facade\/peinture-facade\/\">Peinture pour fa\u00e7ade<\/a><\/p><\/div><div class=\"w-hwrapper usg_hwrapper_1 align_left valign_top\"><div class=\"w-post-elm post_image usg_post_image_1 has_width has_ratio\"><div style=\"padding-bottom:100.0000%\"><\/div><a href=\"https:\/\/www.eldo.com\/guide\/ravalement-facade\/peinture-facade\/\" aria-label=\"Peinture pour fa\u00e7ade\"><img width=\"512\" height=\"288\" src=\"https:\/\/www.eldo.com\/guide\/wp-content\/uploads\/2020\/08\/CTA-RAVALEMENT-FACADE-3.png\" class=\"attachment-us_600_600_crop size-us_600_600_crop wp-post-image\" alt=\"Ravalement de fa\u00e7ade\" srcset=\"https:\/\/www.eldo.com\/guide\/wp-content\/uploads\/2020\/08\/CTA-RAVALEMENT-FACADE-3.png 512w, https:\/\/www.eldo.com\/guide\/wp-content\/uploads\/2020\/08\/CTA-RAVALEMENT-FACADE-3-300x169.png 300w, https:\/\/www.eldo.com\/guide\/wp-content\/uploads\/2020\/08\/CTA-RAVALEMENT-FACADE-3-1024x576.png 1024w, https:\/\/www.eldo.com\/guide\/wp-content\/uploads\/2020\/08\/CTA-RAVALEMENT-FACADE-3-600x338.png 600w, https:\/\/www.eldo.com\/guide\/wp-content\/uploads\/2020\/08\/CTA-RAVALEMENT-FACADE-3-800x450.png 800w\" sizes=\"(max-width: 512px) 100vw, 512px\" \/><\/a><\/div><\/div>\t\t<\/div>\r\n\t<\/article>\r\n\t<article class=\"w-grid-item size_1x1 post-1264 page type-page status-publish has-post-thumbnail hentry\" data-id=\"1264\">\r\n\t\t<div class=\"w-grid-item-h\">\r\n\t\t\t\t\t\t\t<a class=\"w-grid-item-anchor\" href=\"https:\/\/www.eldo.com\/guide\/ravalement-facade\/ite-facade\/\" rel=\"bookmark\" aria-label=\"Isolation thermique ext\u00e9rieure (ITE)\"><\/a>\r\n\t\t\t\t\t\t<div class=\"w-vwrapper usg_vwrapper_1 align_left valign_top\"><p class=\"w-post-elm post_title usg_post_title_1 align_center entry-title color_link_inherit has_text_color\"><a href=\"https:\/\/www.eldo.com\/guide\/ravalement-facade\/ite-facade\/\">Isolation thermique ext\u00e9rieure (ITE)<\/a><\/p><\/div><div class=\"w-hwrapper usg_hwrapper_1 align_left valign_top\"><div class=\"w-post-elm post_image usg_post_image_1 has_width has_ratio\"><div style=\"padding-bottom:100.0000%\"><\/div><a href=\"https:\/\/www.eldo.com\/guide\/ravalement-facade\/ite-facade\/\" aria-label=\"Isolation thermique ext\u00e9rieure (ITE)\"><img width=\"512\" height=\"337\" src=\"https:\/\/www.eldo.com\/guide\/wp-content\/uploads\/2020\/08\/perte-thermique-sans-ite.png\" class=\"attachment-us_600_600_crop size-us_600_600_crop wp-post-image\" alt=\"perte thermique ITE\" srcset=\"https:\/\/www.eldo.com\/guide\/wp-content\/uploads\/2020\/08\/perte-thermique-sans-ite.png 512w, https:\/\/www.eldo.com\/guide\/wp-content\/uploads\/2020\/08\/perte-thermique-sans-ite-300x197.png 300w\" sizes=\"(max-width: 512px) 100vw, 512px\" \/><\/a><\/div><\/div>\t\t<\/div>\r\n\t<\/article>\r\n\t<article class=\"w-grid-item size_1x1 post-1257 page type-page status-publish has-post-thumbnail hentry\" data-id=\"1257\">\r\n\t\t<div class=\"w-grid-item-h\">\r\n\t\t\t\t\t\t\t<a class=\"w-grid-item-anchor\" href=\"https:\/\/www.eldo.com\/guide\/ravalement-facade\/resine-facade\/\" rel=\"bookmark\" aria-label=\"R\u00e9sine fa\u00e7ade\"><\/a>\r\n\t\t\t\t\t\t<div class=\"w-vwrapper usg_vwrapper_1 align_left valign_top\"><p class=\"w-post-elm post_title usg_post_title_1 align_center entry-title color_link_inherit has_text_color\"><a href=\"https:\/\/www.eldo.com\/guide\/ravalement-facade\/resine-facade\/\">R\u00e9sine fa\u00e7ade<\/a><\/p><\/div><div class=\"w-hwrapper usg_hwrapper_1 align_left valign_top\"><div class=\"w-post-elm post_image usg_post_image_1 has_width has_ratio\"><div style=\"padding-bottom:100.0000%\"><\/div><a href=\"https:\/\/www.eldo.com\/guide\/ravalement-facade\/resine-facade\/\" aria-label=\"R\u00e9sine fa\u00e7ade\"><img width=\"512\" height=\"512\" src=\"https:\/\/www.eldo.com\/guide\/wp-content\/uploads\/2020\/08\/b2e6972161fc14ecfa54d5fc037d0129.jpg\" class=\"attachment-us_600_600_crop size-us_600_600_crop wp-post-image\" alt=\"R\u00e9sine de fa\u00e7ade\" srcset=\"https:\/\/www.eldo.com\/guide\/wp-content\/uploads\/2020\/08\/b2e6972161fc14ecfa54d5fc037d0129.jpg 512w, https:\/\/www.eldo.com\/guide\/wp-content\/uploads\/2020\/08\/b2e6972161fc14ecfa54d5fc037d0129-300x300.jpg 300w, https:\/\/www.eldo.com\/guide\/wp-content\/uploads\/2020\/08\/b2e6972161fc14ecfa54d5fc037d0129-150x150.jpg 150w, https:\/\/www.eldo.com\/guide\/wp-content\/uploads\/2020\/08\/b2e6972161fc14ecfa54d5fc037d0129-400x400.jpg 400w, https:\/\/www.eldo.com\/guide\/wp-content\/uploads\/2020\/08\/b2e6972161fc14ecfa54d5fc037d0129-600x600.jpg 600w\" sizes=\"(max-width: 512px) 100vw, 512px\" \/><\/a><\/div><\/div>\t\t<\/div>\r\n\t<\/article>\r\n\t<article class=\"w-grid-item size_1x1 post-1252 page type-page status-publish has-post-thumbnail hentry\" data-id=\"1252\">\r\n\t\t<div class=\"w-grid-item-h\">\r\n\t\t\t\t\t\t\t<a class=\"w-grid-item-anchor\" href=\"https:\/\/www.eldo.com\/guide\/ravalement-facade\/enduit-facade\/enduit-projete\/\" rel=\"bookmark\" aria-label=\"Enduit projet\u00e9\"><\/a>\r\n\t\t\t\t\t\t<div class=\"w-vwrapper usg_vwrapper_1 align_left valign_top\"><p class=\"w-post-elm post_title usg_post_title_1 align_center entry-title color_link_inherit has_text_color\"><a href=\"https:\/\/www.eldo.com\/guide\/ravalement-facade\/enduit-facade\/enduit-projete\/\">Enduit projet\u00e9<\/a><\/p><\/div><div class=\"w-hwrapper usg_hwrapper_1 align_left valign_top\"><div class=\"w-post-elm post_image usg_post_image_1 has_width has_ratio\"><div style=\"padding-bottom:100.0000%\"><\/div><a href=\"https:\/\/www.eldo.com\/guide\/ravalement-facade\/enduit-facade\/enduit-projete\/\" aria-label=\"Enduit projet\u00e9\"><img width=\"512\" height=\"344\" src=\"https:\/\/www.eldo.com\/guide\/wp-content\/uploads\/2020\/08\/ravalement-de-facade3.jpg\" class=\"attachment-us_600_600_crop size-us_600_600_crop wp-post-image\" alt=\"ravalement de fa\u00e7ade termin\u00e9\" srcset=\"https:\/\/www.eldo.com\/guide\/wp-content\/uploads\/2020\/08\/ravalement-de-facade3.jpg 512w, https:\/\/www.eldo.com\/guide\/wp-content\/uploads\/2020\/08\/ravalement-de-facade3-300x202.jpg 300w, https:\/\/www.eldo.com\/guide\/wp-content\/uploads\/2020\/08\/ravalement-de-facade3-596x400.jpg 596w\" sizes=\"(max-width: 512px) 100vw, 512px\" \/><\/a><\/div><\/div>\t\t<\/div>\r\n\t<\/article>\r\n\t<article class=\"w-grid-item size_1x1 post-1243 page type-page status-publish has-post-thumbnail hentry\" data-id=\"1243\">\r\n\t\t<div class=\"w-grid-item-h\">\r\n\t\t\t\t\t\t\t<a class=\"w-grid-item-anchor\" href=\"https:\/\/www.eldo.com\/guide\/ravalement-facade\/enduit-facade\/enduit-gratte\/\" rel=\"bookmark\" aria-label=\"Enduit gratt\u00e9\"><\/a>\r\n\t\t\t\t\t\t<div class=\"w-vwrapper usg_vwrapper_1 align_left valign_top\"><p class=\"w-post-elm post_title usg_post_title_1 align_center entry-title color_link_inherit has_text_color\"><a href=\"https:\/\/www.eldo.com\/guide\/ravalement-facade\/enduit-facade\/enduit-gratte\/\">Enduit gratt\u00e9<\/a><\/p><\/div><div class=\"w-hwrapper usg_hwrapper_1 align_left valign_top\"><div class=\"w-post-elm post_image usg_post_image_1 has_width has_ratio\"><div style=\"padding-bottom:100.0000%\"><\/div><a href=\"https:\/\/www.eldo.com\/guide\/ravalement-facade\/enduit-facade\/enduit-gratte\/\" aria-label=\"Enduit gratt\u00e9\"><img width=\"512\" height=\"288\" src=\"https:\/\/www.eldo.com\/guide\/wp-content\/uploads\/2020\/08\/CTA-RAVALEMENT-FACADE-2.png\" class=\"attachment-us_600_600_crop size-us_600_600_crop wp-post-image\" alt=\"pr\u00e9paration avant ravalement\" srcset=\"https:\/\/www.eldo.com\/guide\/wp-content\/uploads\/2020\/08\/CTA-RAVALEMENT-FACADE-2.png 512w, https:\/\/www.eldo.com\/guide\/wp-content\/uploads\/2020\/08\/CTA-RAVALEMENT-FACADE-2-300x169.png 300w, https:\/\/www.eldo.com\/guide\/wp-content\/uploads\/2020\/08\/CTA-RAVALEMENT-FACADE-2-1024x576.png 1024w, https:\/\/www.eldo.com\/guide\/wp-content\/uploads\/2020\/08\/CTA-RAVALEMENT-FACADE-2-600x338.png 600w, https:\/\/www.eldo.com\/guide\/wp-content\/uploads\/2020\/08\/CTA-RAVALEMENT-FACADE-2-800x450.png 800w\" sizes=\"(max-width: 512px) 100vw, 512px\" \/><\/a><\/div><\/div>\t\t<\/div>\r\n\t<\/article>\r\n\t<article class=\"w-grid-item size_1x1 post-1236 page type-page status-publish has-post-thumbnail hentry\" data-id=\"1236\">\r\n\t\t<div class=\"w-grid-item-h\">\r\n\t\t\t\t\t\t\t<a class=\"w-grid-item-anchor\" href=\"https:\/\/www.eldo.com\/guide\/ravalement-facade\/enduit-facade\/\" rel=\"bookmark\" aria-label=\"Enduit pour fa\u00e7ade\"><\/a>\r\n\t\t\t\t\t\t<div class=\"w-vwrapper usg_vwrapper_1 align_left valign_top\"><p class=\"w-post-elm post_title usg_post_title_1 align_center entry-title color_link_inherit has_text_color\"><a href=\"https:\/\/www.eldo.com\/guide\/ravalement-facade\/enduit-facade\/\">Enduit pour fa\u00e7ade<\/a><\/p><\/div><div class=\"w-hwrapper usg_hwrapper_1 align_left valign_top\"><div class=\"w-post-elm post_image usg_post_image_1 has_width has_ratio\"><div style=\"padding-bottom:100.0000%\"><\/div><a href=\"https:\/\/www.eldo.com\/guide\/ravalement-facade\/enduit-facade\/\" aria-label=\"Enduit pour fa\u00e7ade\"><img width=\"512\" height=\"288\" src=\"https:\/\/www.eldo.com\/guide\/wp-content\/uploads\/2020\/08\/CTA-RAVALEMENT-FACADE-3.png\" class=\"attachment-us_600_600_crop size-us_600_600_crop wp-post-image\" alt=\"Ravalement de fa\u00e7ade\" srcset=\"https:\/\/www.eldo.com\/guide\/wp-content\/uploads\/2020\/08\/CTA-RAVALEMENT-FACADE-3.png 512w, https:\/\/www.eldo.com\/guide\/wp-content\/uploads\/2020\/08\/CTA-RAVALEMENT-FACADE-3-300x169.png 300w, https:\/\/www.eldo.com\/guide\/wp-content\/uploads\/2020\/08\/CTA-RAVALEMENT-FACADE-3-1024x576.png 1024w, https:\/\/www.eldo.com\/guide\/wp-content\/uploads\/2020\/08\/CTA-RAVALEMENT-FACADE-3-600x338.png 600w, https:\/\/www.eldo.com\/guide\/wp-content\/uploads\/2020\/08\/CTA-RAVALEMENT-FACADE-3-800x450.png 800w\" sizes=\"(max-width: 512px) 100vw, 512px\" \/><\/a><\/div><\/div>\t\t<\/div>\r\n\t<\/article>\r\n<\/div><div class=\"w-grid-preloader\"><div class=\"g-preloader type_1\">\r\n\t<div><\/div>\r\n<\/div>\r\n<\/div>\t<div class=\"w-grid-json hidden\" onclick='return {&quot;action&quot;:&quot;us_ajax_grid&quot;,&quot;ajax_url&quot;:&quot;https:\\\/\\\/www.eldo.com\\\/guide\\\/wp-admin\\\/admin-ajax.php&quot;,&quot;infinite_scroll&quot;:0,&quot;max_num_pages&quot;:1,&quot;pagination&quot;:&quot;none&quot;,&quot;permalink_url&quot;:&quot;https:\\\/\\\/www.eldo.com\\\/guide\\\/wp-json\\\/wp\\\/v2\\\/pages\\\/5090&quot;,&quot;template_vars&quot;:{&quot;columns&quot;:&quot;5&quot;,&quot;exclude_items&quot;:&quot;none&quot;,&quot;img_size&quot;:&quot;default&quot;,&quot;ignore_items_size&quot;:false,&quot;items_layout&quot;:&quot;331&quot;,&quot;items_offset&quot;:&quot;1&quot;,&quot;load_animation&quot;:&quot;none&quot;,&quot;overriding_link&quot;:&quot;post&quot;,&quot;post_id&quot;:5090,&quot;query_args&quot;:{&quot;ignore_sticky_posts&quot;:1,&quot;post_type&quot;:&quot;any&quot;,&quot;post__in&quot;:[&quot;1195&quot;,&quot;1285&quot;,&quot;1275&quot;,&quot;1272&quot;,&quot;1268&quot;,&quot;1264&quot;,&quot;1257&quot;,&quot;1252&quot;,&quot;1243&quot;,&quot;1236&quot;],&quot;posts_per_page&quot;:&quot;10&quot;},&quot;orderby_query_args&quot;:{&quot;orderby&quot;:{&quot;date&quot;:&quot;DESC&quot;}},&quot;type&quot;:&quot;grid&quot;,&quot;us_grid_ajax_index&quot;:1,&quot;us_grid_filter_params&quot;:null,&quot;us_grid_index&quot;:1,&quot;_us_grid_post_type&quot;:&quot;ids&quot;}}'><\/div>\r\n\t<\/div><\/div><\/div><\/div><\/div><\/div><\/section><section class=\"l-section wpb_row us_custom_e91755c2 height_auto width_full with_overlay\"><div class=\"l-section-overlay\" style=\"background: #ebebeb\"><\/div><div class=\"l-section-h i-cf\"><div class=\"g-cols vc_row type_boxes valign_middle\"><div class=\"vc_col-sm-12 wpb_column vc_column_container has-fill\"><div class=\"vc_column-inner us_custom_7f36d820\"><div class=\"wpb_wrapper\"><p class=\"w-itext us_custom_6df4bc3a type_typingChars align_center\" onclick='return {&quot;duration&quot;:300,&quot;delay&quot;:2000,&quot;disablePartAnimation&quot;:false,&quot;dynamicColor&quot;:&quot;#ffffff&quot;,&quot;html_nbsp_char&quot;:true}'>Je\u00a0cherche\u00a0un\u00a0pro\u00a0\u00e0\u00a0<span class=\"w-itext-part changesat_0 changesat_1 changesat_2 changesat_3 changesat_4 dynamic\" style=\"color:#ffffff\" onclick='return [&quot;Bordeaux&quot;,&quot;Toulouse&quot;,&quot;Paris&quot;,&quot;Nantes&quot;,&quot;Marseille&quot;]'><span>Bordeaux<\/span><i class=\"w-itext-cursor\"><\/i><\/span><\/p><div class=\"w-separator size_small\"><\/div><div class=\"w-btn-wrapper width_auto align_center\"><a class=\"w-btn us-btn-style_2\" title=\"Demander un devis\" target=\"_blank\" href=\"https:\/\/devis.eldo.com\/portails-portes-de-garage-new\/france?utm_source=SEO&amp;utm_medium=Guide&amp;utm_campaign=portail_porte-garage-portail-aluminium-choisir\" rel=\"noopener\"><span class=\"w-btn-label\">Trouver un pro de confiance<\/span><\/a><\/div><\/div><\/div><\/div><\/div><\/div><\/section>\n","protected":false},"excerpt":{"rendered":"Quel enduit choisir pour votre fa\u00e7ade ? Guides travauxPagesDans le cadre d\u2019un ravalement de fa\u00e7ade, le choix de l\u2019enduit utilis\u00e9 d\u00e9finit l\u2019aspect ext\u00e9rieur du b\u00e2timent. Entre enduit d\u00e9coratif, enduit mono-couche, ou simple enduit de finition, difficile d\u2019y voir clair. Quels sont les avantages de l&#039;enduit de parement ?L\u2019enduit de parement organique permet un large choix...","protected":false},"author":3,"featured_media":5154,"parent":5080,"menu_order":0,"comment_status":"closed","ping_status":"closed","template":"","meta":[],"page_tags":[],"_links":{"self":[{"href":"https:\/\/www.eldo.com\/guide\/wp-json\/wp\/v2\/pages\/5090"}],"collection":[{"href":"https:\/\/www.eldo.com\/guide\/wp-json\/wp\/v2\/pages"}],"about":[{"href":"https:\/\/www.eldo.com\/guide\/wp-json\/wp\/v2\/types\/page"}],"author":[{"embeddable":true,"href":"https:\/\/www.eldo.com\/guide\/wp-json\/wp\/v2\/users\/3"}],"replies":[{"embeddable":true,"href":"https:\/\/www.eldo.com\/guide\/wp-json\/wp\/v2\/comments?post=5090"}],"version-history":[{"count":12,"href":"https:\/\/www.eldo.com\/guide\/wp-json\/wp\/v2\/pages\/5090\/revisions"}],"predecessor-version":[{"id":10650,"href":"https:\/\/www.eldo.com\/guide\/wp-json\/wp\/v2\/pages\/5090\/revisions\/10650"}],"up":[{"embeddable":true,"href":"https:\/\/www.eldo.com\/guide\/wp-json\/wp\/v2\/pages\/5080"}],"wp:featuredmedia":[{"embeddable":true,"href":"https:\/\/www.eldo.com\/guide\/wp-json\/wp\/v2\/media\/5154"}],"wp:attachment":[{"href":"https:\/\/www.eldo.com\/guide\/wp-json\/wp\/v2\/media?parent=5090"}],"wp:term":[{"taxonomy":"page_tags","embeddable":true,"href":"https:\/\/www.eldo.com\/guide\/wp-json\/wp\/v2\/page_tags?post=5090"}],"curies":[{"name":"wp","href":"https:\/\/api.w.org\/{rel}","templated":true}]}}