{"id":1252,"date":"2020-08-28T15:19:19","date_gmt":"2020-08-28T15:19:19","guid":{"rendered":"https:\/\/www.eldo.com\/guide\/?page_id=1252"},"modified":"2024-10-30T16:37:45","modified_gmt":"2024-10-30T16:37:45","slug":"enduit-projete","status":"publish","type":"page","link":"https:\/\/www.eldo.com\/guide\/ravalement-facade\/enduit-facade\/enduit-projete\/","title":{"rendered":"Enduit projet\u00e9"},"content":{"rendered":"<section class=\"l-section wpb_row us_custom_e91755c2 height_auto width_full with_overlay\"><div class=\"l-section-overlay\" style=\"background: #ffffff\"><\/div><div class=\"l-section-h i-cf\"><div class=\"g-cols vc_row type_boxes valign_middle gap-10px\"><style>.g-cols.gap-10px{margin:0 -10px}.gap-10px > .vc_column_container {padding:10px}<\/style><div class=\"vc_col-sm-12 wpb_column vc_column_container has-fill has_text_color\"><div class=\"vc_column-inner us_custom_09a32c6e\"><div class=\"wpb_wrapper\"><div class=\"wpb_text_column us_custom_08d2243f has_text_color\" ><div class=\"wpb_wrapper\"><h1 style=\"text-align: center;\">Enduit projet\u00e9<\/h1>\n<\/div><\/div><div class=\"w-separator size_medium\"><\/div><ol class=\"g-breadcrumbs us_custom_6df4bc3a separator_icon align_left has_text_color\"><li class=\"g-breadcrumbs-item\"><a href=\"https:\/\/www.eldo.com\/guide\/\">Guides travaux<\/a><meta content=\"1\"\/><\/li><li class=\"g-breadcrumbs-separator\"><i class=\"far fa-angle-right\"><\/i><\/li><li class=\"g-breadcrumbs-item\">Pages<\/li><\/ol><\/div><\/div><\/div><div class=\"vc_col-sm-12 wpb_column vc_column_container has-fill\"><div class=\"vc_column-inner us_custom_e4eb24e1\"><div class=\"wpb_wrapper\"><div \" class=\"faq_question_container\"><h2 class=\"faq_question_title\">Qu&#039;est ce que l&#039;enduit projet\u00e9 ?<\/h2><div class=\"faq_question_content\"><p>L&rsquo;enduit projet\u00e9 est un enduit monocouche appliqu\u00e9 \u00e0 l&rsquo;aide d&rsquo;une machine \u00e0 projeter.<\/p>\n<p>Pour une r\u00e9novation de fa\u00e7ade, cet enduit pr\u00e9sente l&rsquo;avantage d&rsquo;\u00eatre plus rapidement appliqu\u00e9 gr\u00e2ce \u00e0 l&rsquo;assistance m\u00e9canique.<\/p>\n<p>Cet\u00a0<a href=\"\/guide\/ravalement-facade\/enduit-facade\/\" target=\"_blank\" rel=\"noopener noreferrer\">enduit de fa\u00e7ade<\/a>\u00a0est un enduit de finition. On l&rsquo;appelle \u00e9galement cr\u00e9pi.<\/p>\n<p>En mati\u00e8re de pose d&rsquo;enduits, il s&rsquo;agit de la m\u00e9thode la plus rapide.<\/p>\n<\/div><\/div><\/div><\/div><\/div><\/div><\/div><\/section><section class=\"l-section wpb_row height_auto width_full\"><div class=\"l-section-h i-cf\"><div class=\"g-cols vc_row type_boxes valign_middle gap-10px\"><style>.g-cols.gap-10px{margin:0 -10px}.gap-10px > .vc_column_container {padding:10px}<\/style><div class=\"vc_col-sm-6 wpb_column vc_column_container\"><div class=\"vc_column-inner\"><div class=\"wpb_wrapper\"><div \" class=\"faq_question_container\"><h2 class=\"faq_question_title\">Comment poser un enduit projet\u00e9 ?<\/h2><div class=\"faq_question_content\"><p>La m\u00e9thode par projection exige l&rsquo;utilisation d&rsquo;une machine. C&rsquo;est cette derni\u00e8re qui va permettre d&rsquo;\u00e9conomiser du temps sur le chantier.<\/p>\n<p>Les murs ext\u00e9rieurs seront d&rsquo;abord pr\u00e9par\u00e9s (ragr\u00e9age, rebouchage des fissures, toutes les \u00e9tapes n\u00e9cessaires \u00e0 un ravalement), puis viendra l&rsquo;\u00e9tape de la projection pour les enduire.<\/p>\n<p>Que les murs soient en parpaing, en briques, en b\u00e9ton, l&rsquo;enduit ext\u00e9rieur les prot\u00e8gera des intemp\u00e9ries.<\/p>\n<\/div><\/div><\/div><\/div><\/div><div class=\"vc_col-sm-6 wpb_column vc_column_container has-fill\"><div class=\"vc_column-inner us_custom_e4eb24e1\"><div class=\"wpb_wrapper\"><div \" class=\"faq_question_container\"><h2 class=\"faq_question_title\">Un enduit sans lissage ?<\/h2><div class=\"faq_question_content\"><p>L&rsquo;aspect granuleux de l&rsquo;enduit projet\u00e9 est une de ses particularit\u00e9s. On oubli donc la taloche. Sa texture permet de recouvrir des surfaces imparfaites. Il permet d&rsquo;isoler tout en jouant le r\u00f4le d&rsquo;enduit d\u00e9coratif.<\/p>\n<p>Plusieurs options s&rsquo;offrent ensuite \u00e0 vous\u00a0:<\/p>\n<ul>\n<li>Soit l&rsquo;enduit hydraulique est teint d\u00e8s le d\u00e9part selon un nuancier.<\/li>\n<li>Soit il pourra \u00eatre peint par la suite. Dans ce cas, il faut attendre le s\u00e9chage complet et garder \u00e0 l&rsquo;esprit que ce type de surface demande beaucoup de peinture fa\u00e7ade.<\/li>\n<\/ul>\n<\/div><\/div><div class=\"w-separator size_small\"><\/div><div class=\"w-btn-wrapper width_auto align_center\"><a class=\"w-btn us-btn-style_2\" title=\"Demander un devis\" target=\"_blank\" href=\"https:\/\/devis.eldo.com\/ravalement-de-facade-new\/france?utm_source=SEO&amp;utm_medium=Guide&amp;utm_campaign=ravalement-facade\" rel=\"noopener\"><span class=\"w-btn-label\">Demander conseil<\/span><\/a><\/div><\/div><\/div><\/div><\/div><\/div><\/section><section class=\"l-section wpb_row height_auto width_full\"><div class=\"l-section-h i-cf\"><div class=\"g-cols vc_row type_boxes valign_middle gap-10px\"><style>.g-cols.gap-10px{margin:0 -10px}.gap-10px > .vc_column_container {padding:10px}<\/style><div class=\"vc_col-sm-12 wpb_column vc_column_container\"><div class=\"vc_column-inner\"><div class=\"wpb_wrapper\"><div \" class=\"faq_question_container\"><h2 class=\"faq_question_title\">Est-ce une option int\u00e9ressante pour un ravalement de fa\u00e7ade ?<\/h2><div class=\"faq_question_content\"><p>Outre sa qualit\u00e9 hydrofuge, la mise en \u0153uvre d&rsquo;un chantier est all\u00e9g\u00e9e gr\u00e2ce \u00e0 la rapidit\u00e9 d&rsquo;application. Pour vos travaux de ravalement, cela peut s&rsquo;av\u00e9rer \u00eatre int\u00e9ressant. De plus, inutile de lisser l&rsquo;ensemble, c&rsquo;est autant de temps gagn\u00e9.<\/p>\n<p>De plus, inutile de bien soign\u00e9 la plan\u00e9it\u00e9 de la fa\u00e7ade. Quel que soit le rev\u00eatement mural et ses irr\u00e9gularit\u00e9s, un <a href=\"https:\/\/www.habitatpresto.com\/mag\/maconnerie\/prix-enduit-facade-projete\">enduit projet\u00e9<\/a> permet de couvrir efficacement les d\u00e9fauts. Cela ne vous dispense toutefois pas de reboucher trous et fissures \u00e9ventuels\u00a0! L&rsquo;isolation thermique de votre maison en d\u00e9pend.<\/p>\n<p>D\u00e9couvrez la diff\u00e9rence avec un\u00a0<a href=\"\/guide\/ravalement-facade\/enduit-facade\/enduit-gratte\/\" target=\"_blank\" rel=\"noopener noreferrer\">enduit gratt\u00e9<\/a>.<\/p>\n<p>Pour des travaux bien r\u00e9alis\u00e9s, faites appel \u00e0 un fa\u00e7adier. Il vous assurera une imperm\u00e9abilisation efficace et durable. Ne foncez pas sur le premier enduit \u00e0 projeter pr\u00eat \u00e0 l&#8217;emploi. Vous pourriez en regretter le r\u00e9sultat. L&rsquo;isolation ext\u00e9rieure de votre maison en d\u00e9pend, ne l&rsquo;oubliez pas.<\/p>\n<\/div><\/div><\/div><\/div><\/div><\/div><\/div><\/section><section class=\"l-section wpb_row height_medium\"><div class=\"l-section-h i-cf\"><div class=\"g-cols vc_row type_default valign_top\"><div class=\"vc_col-sm-12 wpb_column vc_column_container\"><div class=\"vc_column-inner\"><div class=\"wpb_wrapper\"><div class=\"w-grid type_grid layout_331 cols_5 overflow_hidden\" id=\"us_grid_1\"><style id=\"us_grid_1_css\">#us_grid_1 .w-grid-item{padding:1.5rem}#us_grid_1 .w-grid-list{margin:-1.5rem}.w-grid + #us_grid_1 .w-grid-list{margin-top:1.5rem}@media (max-width:1199px){#us_grid_1 .w-grid-item{width:33.3333%}}@media (max-width:899px){#us_grid_1 .w-grid-item{width:50.0000%}}@media (max-width:599px){#us_grid_1 .w-grid-list{margin:0}#us_grid_1 .w-grid-item{width:100.0000%;padding:0;margin-bottom:1.5rem}}<\/style><style>.layout_331 .w-grid-item-h{}.layout_331 .usg_post_image_1{width:50%!important}.layout_331 .usg_vwrapper_1{width:50%!important;margin-right:0!important}.layout_331 .usg_post_title_1{color:#000000!important}@media (max-width:599px){.layout_331 .usg_post_title_1{font-size:1.2rem!important;margin-right:0!important;padding-bottom:0!important}}<\/style><div class=\"w-grid-list\" >\t<article class=\"w-grid-item size_1x1 post-1285 page type-page status-publish has-post-thumbnail hentry\" data-id=\"1285\">\r\n\t\t<div class=\"w-grid-item-h\">\r\n\t\t\t\t\t\t\t<a class=\"w-grid-item-anchor\" href=\"https:\/\/www.eldo.com\/guide\/ravalement-facade\/injonction-facade\/\" rel=\"bookmark\" aria-label=\"Injonction de ravalement de fa\u00e7ade\"><\/a>\r\n\t\t\t\t\t\t<div class=\"w-vwrapper usg_vwrapper_1 align_left valign_top\"><p class=\"w-post-elm post_title usg_post_title_1 align_center entry-title color_link_inherit has_text_color\"><a href=\"https:\/\/www.eldo.com\/guide\/ravalement-facade\/injonction-facade\/\">Injonction de ravalement de fa\u00e7ade<\/a><\/p><\/div><div class=\"w-hwrapper usg_hwrapper_1 align_left valign_top\"><div class=\"w-post-elm post_image usg_post_image_1 has_width has_ratio\"><div style=\"padding-bottom:100.0000%\"><\/div><a href=\"https:\/\/www.eldo.com\/guide\/ravalement-facade\/injonction-facade\/\" aria-label=\"Injonction de ravalement de fa\u00e7ade\"><img width=\"512\" height=\"384\" src=\"https:\/\/www.eldo.com\/guide\/wp-content\/uploads\/2020\/08\/facade-maison-colombage.jpg\" class=\"attachment-us_600_600_crop size-us_600_600_crop wp-post-image\" alt=\"ravalement de fa\u00e7ade maison colombage\" srcset=\"https:\/\/www.eldo.com\/guide\/wp-content\/uploads\/2020\/08\/facade-maison-colombage.jpg 512w, https:\/\/www.eldo.com\/guide\/wp-content\/uploads\/2020\/08\/facade-maison-colombage-300x225.jpg 300w, https:\/\/www.eldo.com\/guide\/wp-content\/uploads\/2020\/08\/facade-maison-colombage-533x400.jpg 533w\" sizes=\"(max-width: 512px) 100vw, 512px\" \/><\/a><\/div><\/div>\t\t<\/div>\r\n\t<\/article>\r\n\t<article class=\"w-grid-item size_1x1 post-1280 page type-page status-publish has-post-thumbnail hentry\" data-id=\"1280\">\r\n\t\t<div class=\"w-grid-item-h\">\r\n\t\t\t\t\t\t\t<a class=\"w-grid-item-anchor\" href=\"https:\/\/www.eldo.com\/guide\/ravalement-facade\/prix-facade\/\" rel=\"bookmark\" aria-label=\"Budget pour ravalement de fa\u00e7ade\"><\/a>\r\n\t\t\t\t\t\t<div class=\"w-vwrapper usg_vwrapper_1 align_left valign_top\"><p class=\"w-post-elm post_title usg_post_title_1 align_center entry-title color_link_inherit has_text_color\"><a href=\"https:\/\/www.eldo.com\/guide\/ravalement-facade\/prix-facade\/\">Budget pour ravalement de fa\u00e7ade<\/a><\/p><\/div><div class=\"w-hwrapper usg_hwrapper_1 align_left valign_top\"><div class=\"w-post-elm post_image usg_post_image_1 has_width has_ratio\"><div style=\"padding-bottom:100.0000%\"><\/div><a href=\"https:\/\/www.eldo.com\/guide\/ravalement-facade\/prix-facade\/\" aria-label=\"Budget pour ravalement de fa\u00e7ade\"><img width=\"512\" height=\"384\" src=\"https:\/\/www.eldo.com\/guide\/wp-content\/uploads\/2020\/08\/josh-appel-NeTPASr-bmQ-unsplash-1-scaled.jpg\" class=\"attachment-us_600_600_crop size-us_600_600_crop wp-post-image\" alt=\"aide financi\u00e8re isolation\" srcset=\"https:\/\/www.eldo.com\/guide\/wp-content\/uploads\/2020\/08\/josh-appel-NeTPASr-bmQ-unsplash-1-scaled.jpg 512w, https:\/\/www.eldo.com\/guide\/wp-content\/uploads\/2020\/08\/josh-appel-NeTPASr-bmQ-unsplash-1-300x225.jpg 300w, https:\/\/www.eldo.com\/guide\/wp-content\/uploads\/2020\/08\/josh-appel-NeTPASr-bmQ-unsplash-1-1024x769.jpg 1024w, https:\/\/www.eldo.com\/guide\/wp-content\/uploads\/2020\/08\/josh-appel-NeTPASr-bmQ-unsplash-1-533x400.jpg 533w, https:\/\/www.eldo.com\/guide\/wp-content\/uploads\/2020\/08\/josh-appel-NeTPASr-bmQ-unsplash-1-800x600.jpg 800w\" sizes=\"(max-width: 512px) 100vw, 512px\" \/><\/a><\/div><\/div>\t\t<\/div>\r\n\t<\/article>\r\n\t<article class=\"w-grid-item size_1x1 post-1275 page type-page status-publish has-post-thumbnail hentry\" data-id=\"1275\">\r\n\t\t<div class=\"w-grid-item-h\">\r\n\t\t\t\t\t\t\t<a class=\"w-grid-item-anchor\" href=\"https:\/\/www.eldo.com\/guide\/ravalement-facade\/peinture-facade\/peinture-facade-crepi\/\" rel=\"bookmark\" aria-label=\"Peinture de fa\u00e7ade sur cr\u00e9pi\"><\/a>\r\n\t\t\t\t\t\t<div class=\"w-vwrapper usg_vwrapper_1 align_left valign_top\"><p class=\"w-post-elm post_title usg_post_title_1 align_center entry-title color_link_inherit has_text_color\"><a href=\"https:\/\/www.eldo.com\/guide\/ravalement-facade\/peinture-facade\/peinture-facade-crepi\/\">Peinture de fa\u00e7ade sur cr\u00e9pi<\/a><\/p><\/div><div class=\"w-hwrapper usg_hwrapper_1 align_left valign_top\"><div class=\"w-post-elm post_image usg_post_image_1 has_width has_ratio\"><div style=\"padding-bottom:100.0000%\"><\/div><a href=\"https:\/\/www.eldo.com\/guide\/ravalement-facade\/peinture-facade\/peinture-facade-crepi\/\" aria-label=\"Peinture de fa\u00e7ade sur cr\u00e9pi\"><img width=\"512\" height=\"384\" src=\"https:\/\/www.eldo.com\/guide\/wp-content\/uploads\/2020\/08\/ravalement_de_facades_pierrefeu-du-var_facades_du_var_-_applicateur_exclusif_vertikal_jean_claude_4.jpeg\" class=\"attachment-us_600_600_crop size-us_600_600_crop wp-post-image\" alt=\"travaux de ravalement de fa\u00e7ade\" srcset=\"https:\/\/www.eldo.com\/guide\/wp-content\/uploads\/2020\/08\/ravalement_de_facades_pierrefeu-du-var_facades_du_var_-_applicateur_exclusif_vertikal_jean_claude_4.jpeg 512w, https:\/\/www.eldo.com\/guide\/wp-content\/uploads\/2020\/08\/ravalement_de_facades_pierrefeu-du-var_facades_du_var_-_applicateur_exclusif_vertikal_jean_claude_4-300x225.jpeg 300w, https:\/\/www.eldo.com\/guide\/wp-content\/uploads\/2020\/08\/ravalement_de_facades_pierrefeu-du-var_facades_du_var_-_applicateur_exclusif_vertikal_jean_claude_4-534x400.jpeg 534w, https:\/\/www.eldo.com\/guide\/wp-content\/uploads\/2020\/08\/ravalement_de_facades_pierrefeu-du-var_facades_du_var_-_applicateur_exclusif_vertikal_jean_claude_4-800x600.jpeg 800w\" sizes=\"(max-width: 512px) 100vw, 512px\" \/><\/a><\/div><\/div>\t\t<\/div>\r\n\t<\/article>\r\n\t<article class=\"w-grid-item size_1x1 post-1272 page type-page status-publish has-post-thumbnail hentry\" data-id=\"1272\">\r\n\t\t<div class=\"w-grid-item-h\">\r\n\t\t\t\t\t\t\t<a class=\"w-grid-item-anchor\" href=\"https:\/\/www.eldo.com\/guide\/ravalement-facade\/peinture-facade\/peinture-facade-rdf\/\" rel=\"bookmark\" aria-label=\"Diff\u00e9rence peinture et ravalement de fa\u00e7ade\"><\/a>\r\n\t\t\t\t\t\t<div class=\"w-vwrapper usg_vwrapper_1 align_left valign_top\"><p class=\"w-post-elm post_title usg_post_title_1 align_center entry-title color_link_inherit has_text_color\"><a href=\"https:\/\/www.eldo.com\/guide\/ravalement-facade\/peinture-facade\/peinture-facade-rdf\/\">Diff\u00e9rence peinture et ravalement de fa\u00e7ade<\/a><\/p><\/div><div class=\"w-hwrapper usg_hwrapper_1 align_left valign_top\"><div class=\"w-post-elm post_image usg_post_image_1 has_width has_ratio\"><div style=\"padding-bottom:100.0000%\"><\/div><a href=\"https:\/\/www.eldo.com\/guide\/ravalement-facade\/peinture-facade\/peinture-facade-rdf\/\" aria-label=\"Diff\u00e9rence peinture et ravalement de fa\u00e7ade\"><img width=\"311\" height=\"207\" src=\"https:\/\/www.eldo.com\/guide\/wp-content\/uploads\/2020\/08\/raynov_conseil_et_decoration_facade_ravalement_3_46.jpg\" class=\"attachment-us_600_600_crop size-us_600_600_crop wp-post-image\" alt=\"diff\u00e9rence peinture et ravalement\" srcset=\"https:\/\/www.eldo.com\/guide\/wp-content\/uploads\/2020\/08\/raynov_conseil_et_decoration_facade_ravalement_3_46.jpg 311w, https:\/\/www.eldo.com\/guide\/wp-content\/uploads\/2020\/08\/raynov_conseil_et_decoration_facade_ravalement_3_46-300x200.jpg 300w\" sizes=\"(max-width: 311px) 100vw, 311px\" \/><\/a><\/div><\/div>\t\t<\/div>\r\n\t<\/article>\r\n\t<article class=\"w-grid-item size_1x1 post-1268 page type-page status-publish has-post-thumbnail hentry\" data-id=\"1268\">\r\n\t\t<div class=\"w-grid-item-h\">\r\n\t\t\t\t\t\t\t<a class=\"w-grid-item-anchor\" href=\"https:\/\/www.eldo.com\/guide\/ravalement-facade\/peinture-facade\/\" rel=\"bookmark\" aria-label=\"Peinture pour fa\u00e7ade\"><\/a>\r\n\t\t\t\t\t\t<div class=\"w-vwrapper usg_vwrapper_1 align_left valign_top\"><p class=\"w-post-elm post_title usg_post_title_1 align_center entry-title color_link_inherit has_text_color\"><a href=\"https:\/\/www.eldo.com\/guide\/ravalement-facade\/peinture-facade\/\">Peinture pour fa\u00e7ade<\/a><\/p><\/div><div class=\"w-hwrapper usg_hwrapper_1 align_left valign_top\"><div class=\"w-post-elm post_image usg_post_image_1 has_width has_ratio\"><div style=\"padding-bottom:100.0000%\"><\/div><a href=\"https:\/\/www.eldo.com\/guide\/ravalement-facade\/peinture-facade\/\" aria-label=\"Peinture pour fa\u00e7ade\"><img width=\"512\" height=\"288\" src=\"https:\/\/www.eldo.com\/guide\/wp-content\/uploads\/2020\/08\/CTA-RAVALEMENT-FACADE-3.png\" class=\"attachment-us_600_600_crop size-us_600_600_crop wp-post-image\" alt=\"Ravalement de fa\u00e7ade\" srcset=\"https:\/\/www.eldo.com\/guide\/wp-content\/uploads\/2020\/08\/CTA-RAVALEMENT-FACADE-3.png 512w, https:\/\/www.eldo.com\/guide\/wp-content\/uploads\/2020\/08\/CTA-RAVALEMENT-FACADE-3-300x169.png 300w, https:\/\/www.eldo.com\/guide\/wp-content\/uploads\/2020\/08\/CTA-RAVALEMENT-FACADE-3-1024x576.png 1024w, https:\/\/www.eldo.com\/guide\/wp-content\/uploads\/2020\/08\/CTA-RAVALEMENT-FACADE-3-600x338.png 600w, https:\/\/www.eldo.com\/guide\/wp-content\/uploads\/2020\/08\/CTA-RAVALEMENT-FACADE-3-800x450.png 800w\" sizes=\"(max-width: 512px) 100vw, 512px\" \/><\/a><\/div><\/div>\t\t<\/div>\r\n\t<\/article>\r\n\t<article class=\"w-grid-item size_1x1 post-1264 page type-page status-publish has-post-thumbnail hentry\" data-id=\"1264\">\r\n\t\t<div class=\"w-grid-item-h\">\r\n\t\t\t\t\t\t\t<a class=\"w-grid-item-anchor\" href=\"https:\/\/www.eldo.com\/guide\/ravalement-facade\/ite-facade\/\" rel=\"bookmark\" aria-label=\"Isolation thermique ext\u00e9rieure (ITE)\"><\/a>\r\n\t\t\t\t\t\t<div class=\"w-vwrapper usg_vwrapper_1 align_left valign_top\"><p class=\"w-post-elm post_title usg_post_title_1 align_center entry-title color_link_inherit has_text_color\"><a href=\"https:\/\/www.eldo.com\/guide\/ravalement-facade\/ite-facade\/\">Isolation thermique ext\u00e9rieure (ITE)<\/a><\/p><\/div><div class=\"w-hwrapper usg_hwrapper_1 align_left valign_top\"><div class=\"w-post-elm post_image usg_post_image_1 has_width has_ratio\"><div style=\"padding-bottom:100.0000%\"><\/div><a href=\"https:\/\/www.eldo.com\/guide\/ravalement-facade\/ite-facade\/\" aria-label=\"Isolation thermique ext\u00e9rieure (ITE)\"><img width=\"512\" height=\"337\" src=\"https:\/\/www.eldo.com\/guide\/wp-content\/uploads\/2020\/08\/perte-thermique-sans-ite.png\" class=\"attachment-us_600_600_crop size-us_600_600_crop wp-post-image\" alt=\"perte thermique ITE\" srcset=\"https:\/\/www.eldo.com\/guide\/wp-content\/uploads\/2020\/08\/perte-thermique-sans-ite.png 512w, https:\/\/www.eldo.com\/guide\/wp-content\/uploads\/2020\/08\/perte-thermique-sans-ite-300x197.png 300w\" sizes=\"(max-width: 512px) 100vw, 512px\" \/><\/a><\/div><\/div>\t\t<\/div>\r\n\t<\/article>\r\n\t<article class=\"w-grid-item size_1x1 post-1257 page type-page status-publish has-post-thumbnail hentry\" data-id=\"1257\">\r\n\t\t<div class=\"w-grid-item-h\">\r\n\t\t\t\t\t\t\t<a class=\"w-grid-item-anchor\" href=\"https:\/\/www.eldo.com\/guide\/ravalement-facade\/resine-facade\/\" rel=\"bookmark\" aria-label=\"R\u00e9sine fa\u00e7ade\"><\/a>\r\n\t\t\t\t\t\t<div class=\"w-vwrapper usg_vwrapper_1 align_left valign_top\"><p class=\"w-post-elm post_title usg_post_title_1 align_center entry-title color_link_inherit has_text_color\"><a href=\"https:\/\/www.eldo.com\/guide\/ravalement-facade\/resine-facade\/\">R\u00e9sine fa\u00e7ade<\/a><\/p><\/div><div class=\"w-hwrapper usg_hwrapper_1 align_left valign_top\"><div class=\"w-post-elm post_image usg_post_image_1 has_width has_ratio\"><div style=\"padding-bottom:100.0000%\"><\/div><a href=\"https:\/\/www.eldo.com\/guide\/ravalement-facade\/resine-facade\/\" aria-label=\"R\u00e9sine fa\u00e7ade\"><img width=\"512\" height=\"512\" src=\"https:\/\/www.eldo.com\/guide\/wp-content\/uploads\/2020\/08\/b2e6972161fc14ecfa54d5fc037d0129.jpg\" class=\"attachment-us_600_600_crop size-us_600_600_crop wp-post-image\" alt=\"R\u00e9sine de fa\u00e7ade\" srcset=\"https:\/\/www.eldo.com\/guide\/wp-content\/uploads\/2020\/08\/b2e6972161fc14ecfa54d5fc037d0129.jpg 512w, https:\/\/www.eldo.com\/guide\/wp-content\/uploads\/2020\/08\/b2e6972161fc14ecfa54d5fc037d0129-300x300.jpg 300w, https:\/\/www.eldo.com\/guide\/wp-content\/uploads\/2020\/08\/b2e6972161fc14ecfa54d5fc037d0129-150x150.jpg 150w, https:\/\/www.eldo.com\/guide\/wp-content\/uploads\/2020\/08\/b2e6972161fc14ecfa54d5fc037d0129-400x400.jpg 400w, https:\/\/www.eldo.com\/guide\/wp-content\/uploads\/2020\/08\/b2e6972161fc14ecfa54d5fc037d0129-600x600.jpg 600w\" sizes=\"(max-width: 512px) 100vw, 512px\" \/><\/a><\/div><\/div>\t\t<\/div>\r\n\t<\/article>\r\n\t<article class=\"w-grid-item size_1x1 post-1243 page type-page status-publish has-post-thumbnail hentry\" data-id=\"1243\">\r\n\t\t<div class=\"w-grid-item-h\">\r\n\t\t\t\t\t\t\t<a class=\"w-grid-item-anchor\" href=\"https:\/\/www.eldo.com\/guide\/ravalement-facade\/enduit-facade\/enduit-gratte\/\" rel=\"bookmark\" aria-label=\"Enduit gratt\u00e9\"><\/a>\r\n\t\t\t\t\t\t<div class=\"w-vwrapper usg_vwrapper_1 align_left valign_top\"><p class=\"w-post-elm post_title usg_post_title_1 align_center entry-title color_link_inherit has_text_color\"><a href=\"https:\/\/www.eldo.com\/guide\/ravalement-facade\/enduit-facade\/enduit-gratte\/\">Enduit gratt\u00e9<\/a><\/p><\/div><div class=\"w-hwrapper usg_hwrapper_1 align_left valign_top\"><div class=\"w-post-elm post_image usg_post_image_1 has_width has_ratio\"><div style=\"padding-bottom:100.0000%\"><\/div><a href=\"https:\/\/www.eldo.com\/guide\/ravalement-facade\/enduit-facade\/enduit-gratte\/\" aria-label=\"Enduit gratt\u00e9\"><img width=\"512\" height=\"288\" src=\"https:\/\/www.eldo.com\/guide\/wp-content\/uploads\/2020\/08\/CTA-RAVALEMENT-FACADE-2.png\" class=\"attachment-us_600_600_crop size-us_600_600_crop wp-post-image\" alt=\"pr\u00e9paration avant ravalement\" srcset=\"https:\/\/www.eldo.com\/guide\/wp-content\/uploads\/2020\/08\/CTA-RAVALEMENT-FACADE-2.png 512w, https:\/\/www.eldo.com\/guide\/wp-content\/uploads\/2020\/08\/CTA-RAVALEMENT-FACADE-2-300x169.png 300w, https:\/\/www.eldo.com\/guide\/wp-content\/uploads\/2020\/08\/CTA-RAVALEMENT-FACADE-2-1024x576.png 1024w, https:\/\/www.eldo.com\/guide\/wp-content\/uploads\/2020\/08\/CTA-RAVALEMENT-FACADE-2-600x338.png 600w, https:\/\/www.eldo.com\/guide\/wp-content\/uploads\/2020\/08\/CTA-RAVALEMENT-FACADE-2-800x450.png 800w\" sizes=\"(max-width: 512px) 100vw, 512px\" \/><\/a><\/div><\/div>\t\t<\/div>\r\n\t<\/article>\r\n\t<article class=\"w-grid-item size_1x1 post-1236 page type-page status-publish has-post-thumbnail hentry\" data-id=\"1236\">\r\n\t\t<div class=\"w-grid-item-h\">\r\n\t\t\t\t\t\t\t<a class=\"w-grid-item-anchor\" href=\"https:\/\/www.eldo.com\/guide\/ravalement-facade\/enduit-facade\/\" rel=\"bookmark\" aria-label=\"Enduit pour fa\u00e7ade\"><\/a>\r\n\t\t\t\t\t\t<div class=\"w-vwrapper usg_vwrapper_1 align_left valign_top\"><p class=\"w-post-elm post_title usg_post_title_1 align_center entry-title color_link_inherit has_text_color\"><a href=\"https:\/\/www.eldo.com\/guide\/ravalement-facade\/enduit-facade\/\">Enduit pour fa\u00e7ade<\/a><\/p><\/div><div class=\"w-hwrapper usg_hwrapper_1 align_left valign_top\"><div class=\"w-post-elm post_image usg_post_image_1 has_width has_ratio\"><div style=\"padding-bottom:100.0000%\"><\/div><a href=\"https:\/\/www.eldo.com\/guide\/ravalement-facade\/enduit-facade\/\" aria-label=\"Enduit pour fa\u00e7ade\"><img width=\"512\" height=\"288\" src=\"https:\/\/www.eldo.com\/guide\/wp-content\/uploads\/2020\/08\/CTA-RAVALEMENT-FACADE-3.png\" class=\"attachment-us_600_600_crop size-us_600_600_crop wp-post-image\" alt=\"Ravalement de fa\u00e7ade\" srcset=\"https:\/\/www.eldo.com\/guide\/wp-content\/uploads\/2020\/08\/CTA-RAVALEMENT-FACADE-3.png 512w, https:\/\/www.eldo.com\/guide\/wp-content\/uploads\/2020\/08\/CTA-RAVALEMENT-FACADE-3-300x169.png 300w, https:\/\/www.eldo.com\/guide\/wp-content\/uploads\/2020\/08\/CTA-RAVALEMENT-FACADE-3-1024x576.png 1024w, https:\/\/www.eldo.com\/guide\/wp-content\/uploads\/2020\/08\/CTA-RAVALEMENT-FACADE-3-600x338.png 600w, https:\/\/www.eldo.com\/guide\/wp-content\/uploads\/2020\/08\/CTA-RAVALEMENT-FACADE-3-800x450.png 800w\" sizes=\"(max-width: 512px) 100vw, 512px\" \/><\/a><\/div><\/div>\t\t<\/div>\r\n\t<\/article>\r\n<\/div><div class=\"w-grid-preloader\"><div class=\"g-preloader type_1\">\r\n\t<div><\/div>\r\n<\/div>\r\n<\/div>\t<div class=\"w-grid-json hidden\" onclick='return {&quot;action&quot;:&quot;us_ajax_grid&quot;,&quot;ajax_url&quot;:&quot;https:\\\/\\\/www.eldo.com\\\/guide\\\/wp-admin\\\/admin-ajax.php&quot;,&quot;infinite_scroll&quot;:0,&quot;max_num_pages&quot;:1,&quot;pagination&quot;:&quot;none&quot;,&quot;permalink_url&quot;:&quot;https:\\\/\\\/www.eldo.com\\\/guide\\\/wp-json\\\/wp\\\/v2\\\/pages\\\/1252&quot;,&quot;template_vars&quot;:{&quot;columns&quot;:&quot;5&quot;,&quot;exclude_items&quot;:&quot;none&quot;,&quot;img_size&quot;:&quot;default&quot;,&quot;ignore_items_size&quot;:false,&quot;items_layout&quot;:&quot;331&quot;,&quot;items_offset&quot;:&quot;1&quot;,&quot;load_animation&quot;:&quot;none&quot;,&quot;overriding_link&quot;:&quot;post&quot;,&quot;post_id&quot;:1252,&quot;query_args&quot;:{&quot;ignore_sticky_posts&quot;:1,&quot;post_type&quot;:&quot;any&quot;,&quot;post__in&quot;:[&quot;1195&quot;,&quot;1236&quot;,&quot;1243&quot;,&quot;1285&quot;,&quot;1280&quot;,&quot;1275&quot;,&quot;1272&quot;,&quot;1268&quot;,&quot;1264&quot;,&quot;1257&quot;],&quot;posts_per_page&quot;:&quot;10&quot;},&quot;orderby_query_args&quot;:{&quot;orderby&quot;:{&quot;date&quot;:&quot;DESC&quot;}},&quot;type&quot;:&quot;grid&quot;,&quot;us_grid_ajax_index&quot;:1,&quot;us_grid_filter_params&quot;:null,&quot;us_grid_index&quot;:1,&quot;_us_grid_post_type&quot;:&quot;ids&quot;}}'><\/div>\r\n\t<\/div><\/div><\/div><\/div><\/div><\/div><\/section><section class=\"l-section wpb_row us_custom_e91755c2 height_auto width_full with_overlay\"><div class=\"l-section-overlay\" style=\"background: #ebebeb\"><\/div><div class=\"l-section-h i-cf\"><div class=\"g-cols vc_row type_boxes valign_middle\"><div class=\"vc_col-sm-12 wpb_column vc_column_container has-fill\"><div class=\"vc_column-inner us_custom_2b716e4a\"><div class=\"wpb_wrapper\"><h2 class=\"w-itext us_custom_6df4bc3a type_typingChars align_center\" onclick='return {&quot;duration&quot;:300,&quot;delay&quot;:2000,&quot;disablePartAnimation&quot;:false,&quot;dynamicColor&quot;:&quot;#ffffff&quot;,&quot;html_nbsp_char&quot;:true}'>Je\u00a0cherche\u00a0un\u00a0pro\u00a0\u00e0\u00a0<span class=\"w-itext-part changesat_0 changesat_1 changesat_2 changesat_3 changesat_4 dynamic\" style=\"color:#ffffff\" onclick='return [&quot;Bordeaux&quot;,&quot;Toulouse&quot;,&quot;Paris&quot;,&quot;Nantes&quot;,&quot;Marseille&quot;]'><span>Bordeaux<\/span><i class=\"w-itext-cursor\"><\/i><\/span><\/h2><div class=\"w-separator size_small\"><\/div><div class=\"w-btn-wrapper width_auto align_center\"><a class=\"w-btn us-btn-style_2\" title=\"Demander un devis\" target=\"_blank\" href=\"https:\/\/devis.eldo.com\/ravalement-de-facade-new\/france?utm_source=SEO&amp;utm_medium=Guide&amp;utm_campaign=ravalement-facade\" rel=\"noopener\"><span class=\"w-btn-label\">Trouver un pro de confiance<\/span><\/a><\/div><\/div><\/div><\/div><\/div><\/div><\/section>\n","protected":false},"excerpt":{"rendered":"Quel enduit choisir pour votre fa\u00e7ade ? Guides travauxPagesDans le cadre d\u2019un ravalement de fa\u00e7ade, le choix de l\u2019enduit utilis\u00e9 d\u00e9finit l\u2019aspect ext\u00e9rieur du b\u00e2timent. Entre enduit d\u00e9coratif, enduit mono-couche, ou simple enduit de finition, difficile d\u2019y voir clair. Quels sont les avantages de l&#039;enduit de parement ?L\u2019enduit de parement organique permet un large choix...","protected":false},"author":1,"featured_media":1202,"parent":1236,"menu_order":0,"comment_status":"closed","ping_status":"closed","template":"","meta":[],"page_tags":[],"_links":{"self":[{"href":"https:\/\/www.eldo.com\/guide\/wp-json\/wp\/v2\/pages\/1252"}],"collection":[{"href":"https:\/\/www.eldo.com\/guide\/wp-json\/wp\/v2\/pages"}],"about":[{"href":"https:\/\/www.eldo.com\/guide\/wp-json\/wp\/v2\/types\/page"}],"author":[{"embeddable":true,"href":"https:\/\/www.eldo.com\/guide\/wp-json\/wp\/v2\/users\/1"}],"replies":[{"embeddable":true,"href":"https:\/\/www.eldo.com\/guide\/wp-json\/wp\/v2\/comments?post=1252"}],"version-history":[{"count":21,"href":"https:\/\/www.eldo.com\/guide\/wp-json\/wp\/v2\/pages\/1252\/revisions"}],"predecessor-version":[{"id":10853,"href":"https:\/\/www.eldo.com\/guide\/wp-json\/wp\/v2\/pages\/1252\/revisions\/10853"}],"up":[{"embeddable":true,"href":"https:\/\/www.eldo.com\/guide\/wp-json\/wp\/v2\/pages\/1236"}],"wp:featuredmedia":[{"embeddable":true,"href":"https:\/\/www.eldo.com\/guide\/wp-json\/wp\/v2\/media\/1202"}],"wp:attachment":[{"href":"https:\/\/www.eldo.com\/guide\/wp-json\/wp\/v2\/media?parent=1252"}],"wp:term":[{"taxonomy":"page_tags","embeddable":true,"href":"https:\/\/www.eldo.com\/guide\/wp-json\/wp\/v2\/page_tags?post=1252"}],"curies":[{"name":"wp","href":"https:\/\/api.w.org\/{rel}","templated":true}]}}